{"id":17104,"date":"2023-01-04T22:17:35","date_gmt":"2023-01-05T04:17:35","guid":{"rendered":"https:\/\/thepueblatimes.mx\/?page_id=17104"},"modified":"2026-09-01T19:40:27","modified_gmt":"2026-09-02T01:40:27","slug":"noticias","status":"publish","type":"page","link":"https:\/\/thepueblatimes.mx\/","title":{"rendered":"Noticias"},"content":{"rendered":"\t\t<div data-elementor-type=\"wp-page\" data-elementor-id=\"17104\" class=\"elementor elementor-17104\" data-elementor-settings=\"[]\">\n\t\t\t\t\t\t\t<div class=\"elementor-section-wrap\">\n\t\t\t\t\t\t\t<section class=\"elementor-section elementor-top-section elementor-element elementor-element-75a732f elementor-section-boxed elementor-section-height-default elementor-section-height-default\" data-id=\"75a732f\" data-element_type=\"section\">\n\t\t\t\t\t\t<div class=\"elementor-container elementor-column-gap-default\">\n\t\t\t\t\t<div class=\"elementor-column elementor-col-25 elementor-top-column elementor-element elementor-element-e459fbb\" data-id=\"e459fbb\" data-element_type=\"column\">\n\t\t\t<div class=\"elementor-widget-wrap elementor-element-populated\">\n\t\t\t\t\t\t\t\t<div class=\"elementor-element elementor-element-fc5e274 elementor-widget elementor-widget-html\" data-id=\"fc5e274\" data-element_type=\"widget\" data-widget_type=\"html.default\">\n\t\t\t\t<div class=\"elementor-widget-container\">\n\t\t\tEL CLIMA:\n<div id=\"ww_10e26285e1933\" v='1.3' loc='id' a='{\"t\":\"horizontal\",\"lang\":\"es\",\"sl_lpl\":1,\"ids\":[\"wl454\"],\"font\":\"Arial\",\"sl_ics\":\"one_a\",\"sl_sot\":\"celsius\",\"cl_bkg\":\"image\",\"cl_font\":\"#FFFFFF\",\"cl_cloud\":\"#FFFFFF\",\"cl_persp\":\"#81D4FA\",\"cl_sun\":\"#FFC107\",\"cl_moon\":\"#FFC107\",\"cl_thund\":\"#FF5722\"}'>Weather Data Source: <a href=\"https:\/\/sharpweather.com\/es\/tiempo_puebla_de_zaragoza\/30_d\u00edas\/\" id=\"ww_10e26285e1933_u\" target=\"_blank\">El tiempo 30 d\u00edas Puebla de Zaragoza<\/a><\/div><script async src=\"https:\/\/app1.weatherwidget.org\/js\/?id=ww_10e26285e1933\"><\/script>\n<BR>TIPO DE CAMBIO:\n<fxwidget-er inverse=\"false\" amount=\"1\" decimals=\"2\" large=\"false\" shadow=\"true\" symbol=\"true\" flag=\"true\" changes=\"true\" grouping=\"true\" border=\"false\" main-curr=\"USD\" sel-curr=\"MXN\" background-color=\"#f0f8ff\"><\/fxwidget-er><script async src=\"https:\/\/s.fx-w.io\/widgets\/exchange-rates\/latest.js\"><\/script>\n\t\t<\/div>\n\t\t\t\t<\/div>\n\t\t\t\t<div class=\"elementor-element elementor-element-347e56a elementor-widget elementor-widget-vinazine-post-list-tab\" data-id=\"347e56a\" data-element_type=\"widget\" data-widget_type=\"vinazine-post-list-tab.default\">\n\t\t\t\t<div class=\"elementor-widget-container\">\n\t\t\t        \n     \n        <div class=\"post-list-item widgets  \">\n            <ul class=\"nav nav-tabs\" role=\"tablist\">\n                <li role=\"presentation\">\n                    <a class=\"active\" href=\"#home\" aria-controls=\"home\" role=\"tab\" data-toggle=\"tab\">\n                        <i class=\"fa fa-clock-o\"><\/i>\n                        M\u00e1s recientes                    <\/a>\n                <\/li>\n                <li role=\"presentation\">\n                    <a href=\"#profile\" aria-controls=\"profile\" role=\"tab\" data-toggle=\"tab\">\n                        <i class=\"fa fa-heart\"><\/i>\n                        M\u00e1s vistos                    <\/a>\n                <\/li>\n            <\/ul>\n            <div class=\"tab-content\">\n\t\t\t\t<div role=\"tabpanel\" class=\"tab-pane active ts-grid-box post-tab-list\" id=\"home\">\n                                                            <div class=\"post-content media\">    \n                            <img decoding=\"async\" \n                                class=\"d-flex sidebar-img\" \n                                src=\"https:\/\/thepueblatimes.mx\/wp-content\/uploads\/2026\/09\/grace-palomares-afirma-acatara-sancion-455x300.jpg\" \n                                alt=\"Grace Palomares amaga con impugnar sanci\u00f3n de Morena\">\n                            <div class=\"media-body\">\n                                <span class=\"post-tag\">\n                                                                <a \n                                    href=\"https:\/\/thepueblatimes.mx\/index.php\/category\/informate\/\"\n                                    style=\"color:#d72924\"\n                                    >\n                                    Inf\u00f3rmate                                <\/a>\n                                <\/span>\n                                <h4 class=\"post-title\">\n                                <a href=\"https:\/\/thepueblatimes.mx\/index.php\/2026\/09\/01\/grace-palomares-amaga-con-impugnar-sancion-de-morena\/\">Grace Palomares amaga con impugnar sanci\u00f3n de Morena<\/a>\n                                <\/h4>\n                            <\/div>\n                        <\/div>\n                                            <div class=\"post-content media\">    \n                            <img decoding=\"async\" \n                                class=\"d-flex sidebar-img\" \n                                src=\"https:\/\/thepueblatimes.mx\/wp-content\/uploads\/2026\/09\/Cartel-de-Sinaloa-en-Puebla-SSP-analiza-posible-presencia-tras-operativo-en-San-Andres-SSP-1536x1024-1-455x300.jpg\" \n                                alt=\"SSP investiga presencia del C\u00e1rtel de Sinaloa en Puebla\">\n                            <div class=\"media-body\">\n                                <span class=\"post-tag\">\n                                                                <a \n                                    href=\"https:\/\/thepueblatimes.mx\/index.php\/category\/seguridad\/\"\n                                    style=\"color:#d72924\"\n                                    >\n                                    Seguridad                                <\/a>\n                                <\/span>\n                                <h4 class=\"post-title\">\n                                <a href=\"https:\/\/thepueblatimes.mx\/index.php\/2026\/09\/01\/ssp-investiga-presencia-del-cartel-de-sinaloa-en-puebla\/\">SSP investiga presencia del C\u00e1rtel de Sinaloa en Puebla<\/a>\n                                <\/h4>\n                            <\/div>\n                        <\/div>\n                                            <div class=\"post-content media\">    \n                            <img decoding=\"async\" \n                                class=\"d-flex sidebar-img\" \n                                src=\"https:\/\/thepueblatimes.mx\/wp-content\/uploads\/2026\/08\/790425180_1757628288608051_956035183151466252_n-455x300.jpg\" \n                                alt=\"Abandonan dos cad\u00e1veres de mujeres en barranca de Tenampulco\">\n                            <div class=\"media-body\">\n                                <span class=\"post-tag\">\n                                                                <a \n                                    href=\"https:\/\/thepueblatimes.mx\/index.php\/category\/seguridad\/\"\n                                    style=\"color:#d72924\"\n                                    >\n                                    Seguridad                                <\/a>\n                                <\/span>\n                                <h4 class=\"post-title\">\n                                <a href=\"https:\/\/thepueblatimes.mx\/index.php\/2026\/08\/31\/abandonan-dos-cadaveres-de-mujeres-en-barranca-de-tenampulco\/\">Abandonan dos cad\u00e1veres de mujeres en barranca de Tenampulco<\/a>\n                                <\/h4>\n                            <\/div>\n                        <\/div>\n                                            <div class=\"post-content media\">    \n                            <img decoding=\"async\" \n                                class=\"d-flex sidebar-img\" \n                                src=\"https:\/\/thepueblatimes.mx\/wp-content\/uploads\/2026\/08\/20250110ujnuevaspatrullas-3-6-455x300.jpg\" \n                                alt=\"Balean y golpean a menor para robarle su motocicleta en Agua Santa\">\n                            <div class=\"media-body\">\n                                <span class=\"post-tag\">\n                                                                <a \n                                    href=\"https:\/\/thepueblatimes.mx\/index.php\/category\/seguridad\/\"\n                                    style=\"color:#d72924\"\n                                    >\n                                    Seguridad                                <\/a>\n                                <\/span>\n                                <h4 class=\"post-title\">\n                                <a href=\"https:\/\/thepueblatimes.mx\/index.php\/2026\/08\/31\/balean-y-golpean-a-menor-para-robarle-su-motocicleta-en-agua-santa\/\">Balean y golpean a menor para robarle su motocicleta en Agua Santa<\/a>\n                                <\/h4>\n                            <\/div>\n                        <\/div>\n                                            <div class=\"post-content media\">    \n                            <img decoding=\"async\" \n                                class=\"d-flex sidebar-img\" \n                                src=\"https:\/\/thepueblatimes.mx\/wp-content\/uploads\/2026\/08\/32b944aa-13122025dpgondola-07-1000x667-1-455x300.jpg\" \n                                alt=\"Garc\u00eda Parra reitera que en septiembre inicia construcci\u00f3n del Cableb\u00fas\">\n                            <div class=\"media-body\">\n                                <span class=\"post-tag\">\n                                                                <a \n                                    href=\"https:\/\/thepueblatimes.mx\/index.php\/category\/informate\/\"\n                                    style=\"color:#d72924\"\n                                    >\n                                    Inf\u00f3rmate                                <\/a>\n                                <\/span>\n                                <h4 class=\"post-title\">\n                                <a href=\"https:\/\/thepueblatimes.mx\/index.php\/2026\/08\/31\/garcia-parra-reitera-que-en-septiembre-inicia-construccion-del-cablebus\/\">Garc\u00eda Parra reitera que en septiembre inicia construcci\u00f3n del Cableb\u00fas<\/a>\n                                <\/h4>\n                            <\/div>\n                        <\/div>\n                                                    <\/div>\n                <div role=\"tabpanel\" class=\"tab-pane ts-grid-box post-tab-list\" id=\"profile\">\n                                                                        <div class=\"post-content media\">    \n                                <img decoding=\"async\" \n                                    class=\"d-flex sidebar-img\" \n                                    src=\"https:\/\/thepueblatimes.mx\/wp-content\/uploads\/2026\/09\/grace-palomares-afirma-acatara-sancion-455x300.jpg\" \n                                    alt=\"Grace Palomares amaga con impugnar sanci\u00f3n de Morena\">\n                                <div class=\"media-body\">\n                                    <span class=\"post-tag\">\n                                                                        <a \n                                        href=\"https:\/\/thepueblatimes.mx\/index.php\/category\/informate\/\"\n                                        style=\"color:#d72924\"\n                                        >\n                                        Inf\u00f3rmate                                    <\/a>\n                                    <\/span>\n                                    <h4 class=\"post-title\">\n                                        <a href=\"https:\/\/thepueblatimes.mx\/index.php\/2026\/09\/01\/grace-palomares-amaga-con-impugnar-sancion-de-morena\/\">Grace Palomares amaga con impugnar sanci\u00f3n de Morena<\/a>\n                                    <\/h4>\n                                <\/div>\n                            <\/div>\n                                                    <div class=\"post-content media\">    \n                                <img decoding=\"async\" \n                                    class=\"d-flex sidebar-img\" \n                                    src=\"https:\/\/thepueblatimes.mx\/wp-content\/uploads\/2026\/09\/Cartel-de-Sinaloa-en-Puebla-SSP-analiza-posible-presencia-tras-operativo-en-San-Andres-SSP-1536x1024-1-455x300.jpg\" \n                                    alt=\"SSP investiga presencia del C\u00e1rtel de Sinaloa en Puebla\">\n                                <div class=\"media-body\">\n                                    <span class=\"post-tag\">\n                                                                        <a \n                                        href=\"https:\/\/thepueblatimes.mx\/index.php\/category\/seguridad\/\"\n                                        style=\"color:#d72924\"\n                                        >\n                                        Seguridad                                    <\/a>\n                                    <\/span>\n                                    <h4 class=\"post-title\">\n                                        <a href=\"https:\/\/thepueblatimes.mx\/index.php\/2026\/09\/01\/ssp-investiga-presencia-del-cartel-de-sinaloa-en-puebla\/\">SSP investiga presencia del C\u00e1rtel de Sinaloa en Puebla<\/a>\n                                    <\/h4>\n                                <\/div>\n                            <\/div>\n                                                    <div class=\"post-content media\">    \n                                <img decoding=\"async\" \n                                    class=\"d-flex sidebar-img\" \n                                    src=\"https:\/\/thepueblatimes.mx\/wp-content\/uploads\/2026\/08\/790425180_1757628288608051_956035183151466252_n-455x300.jpg\" \n                                    alt=\"Abandonan dos cad\u00e1veres de mujeres en barranca de Tenampulco\">\n                                <div class=\"media-body\">\n                                    <span class=\"post-tag\">\n                                                                        <a \n                                        href=\"https:\/\/thepueblatimes.mx\/index.php\/category\/seguridad\/\"\n                                        style=\"color:#d72924\"\n                                        >\n                                        Seguridad                                    <\/a>\n                                    <\/span>\n                                    <h4 class=\"post-title\">\n                                        <a href=\"https:\/\/thepueblatimes.mx\/index.php\/2026\/08\/31\/abandonan-dos-cadaveres-de-mujeres-en-barranca-de-tenampulco\/\">Abandonan dos cad\u00e1veres de mujeres en barranca de Tenampulco<\/a>\n                                    <\/h4>\n                                <\/div>\n                            <\/div>\n                                                    <div class=\"post-content media\">    \n                                <img decoding=\"async\" \n                                    class=\"d-flex sidebar-img\" \n                                    src=\"https:\/\/thepueblatimes.mx\/wp-content\/uploads\/2026\/08\/20250110ujnuevaspatrullas-3-6-455x300.jpg\" \n                                    alt=\"Balean y golpean a menor para robarle su motocicleta en Agua Santa\">\n                                <div class=\"media-body\">\n                                    <span class=\"post-tag\">\n                                                                        <a \n                                        href=\"https:\/\/thepueblatimes.mx\/index.php\/category\/seguridad\/\"\n                                        style=\"color:#d72924\"\n                                        >\n                                        Seguridad                                    <\/a>\n                                    <\/span>\n                                    <h4 class=\"post-title\">\n                                        <a href=\"https:\/\/thepueblatimes.mx\/index.php\/2026\/08\/31\/balean-y-golpean-a-menor-para-robarle-su-motocicleta-en-agua-santa\/\">Balean y golpean a menor para robarle su motocicleta en Agua Santa<\/a>\n                                    <\/h4>\n                                <\/div>\n                            <\/div>\n                                                    <div class=\"post-content media\">    \n                                <img decoding=\"async\" \n                                    class=\"d-flex sidebar-img\" \n                                    src=\"https:\/\/thepueblatimes.mx\/wp-content\/uploads\/2026\/08\/32b944aa-13122025dpgondola-07-1000x667-1-455x300.jpg\" \n                                    alt=\"Garc\u00eda Parra reitera que en septiembre inicia construcci\u00f3n del Cableb\u00fas\">\n                                <div class=\"media-body\">\n                                    <span class=\"post-tag\">\n                                                                        <a \n                                        href=\"https:\/\/thepueblatimes.mx\/index.php\/category\/informate\/\"\n                                        style=\"color:#d72924\"\n                                        >\n                                        Inf\u00f3rmate                                    <\/a>\n                                    <\/span>\n                                    <h4 class=\"post-title\">\n                                        <a href=\"https:\/\/thepueblatimes.mx\/index.php\/2026\/08\/31\/garcia-parra-reitera-que-en-septiembre-inicia-construccion-del-cablebus\/\">Garc\u00eda Parra reitera que en septiembre inicia construcci\u00f3n del Cableb\u00fas<\/a>\n                                    <\/h4>\n                                <\/div>\n                            <\/div>\n                                                            <\/div>\n            <\/div>\n        <\/div>\n        \n\n\n      \t\t<\/div>\n\t\t\t\t<\/div>\n\t\t\t\t<div class=\"elementor-element elementor-element-8efd374 elementor-widget elementor-widget-image\" data-id=\"8efd374\" data-element_type=\"widget\" data-widget_type=\"image.default\">\n\t\t\t\t<div class=\"elementor-widget-container\">\n\t\t\t\t\t\t\t\t\t\t\t\t\t\t\t\t<a href=\"https:\/\/larevolucionaria.mx\/\" target=\"_blank\">\n\t\t\t\t\t\t\t<img width=\"800\" height=\"800\" src=\"https:\/\/thepueblatimes.mx\/wp-content\/uploads\/2025\/02\/\u00a1Escuchanos-en-vivo-2-1024x1024.png\" class=\"attachment-large size-large\" alt=\"\" decoding=\"async\" loading=\"lazy\" srcset=\"https:\/\/thepueblatimes.mx\/wp-content\/uploads\/2025\/02\/\u00a1Escuchanos-en-vivo-2-1024x1024.png 1024w, https:\/\/thepueblatimes.mx\/wp-content\/uploads\/2025\/02\/\u00a1Escuchanos-en-vivo-2-300x300.png 300w, https:\/\/thepueblatimes.mx\/wp-content\/uploads\/2025\/02\/\u00a1Escuchanos-en-vivo-2-150x150.png 150w, https:\/\/thepueblatimes.mx\/wp-content\/uploads\/2025\/02\/\u00a1Escuchanos-en-vivo-2-768x768.png 768w, https:\/\/thepueblatimes.mx\/wp-content\/uploads\/2025\/02\/\u00a1Escuchanos-en-vivo-2.png 1250w\" sizes=\"(max-width: 800px) 100vw, 800px\" \/>\t\t\t\t\t\t\t\t<\/a>\n\t\t\t\t\t\t\t\t\t\t\t\t\t\t\t<\/div>\n\t\t\t\t<\/div>\n\t\t\t\t\t<\/div>\n\t\t<\/div>\n\t\t\t\t<div class=\"elementor-column elementor-col-50 elementor-top-column elementor-element elementor-element-89483c3\" data-id=\"89483c3\" data-element_type=\"column\">\n\t\t\t<div class=\"elementor-widget-wrap elementor-element-populated\">\n\t\t\t\t\t\t\t\t<div class=\"elementor-element elementor-element-e18c89c elementor-widget elementor-widget-image\" data-id=\"e18c89c\" data-element_type=\"widget\" data-widget_type=\"image.default\">\n\t\t\t\t<div class=\"elementor-widget-container\">\n\t\t\t\t\t\t\t\t\t\t\t\t\t\t\t\t<a href=\"https:\/\/imacp.pueblacapital.gob.mx\/images\/2026\/TABLOIDEPROGRAMACIONFILIP.pdf\" target=\"_blank\">\n\t\t\t\t\t\t\t<img width=\"800\" height=\"100\" src=\"https:\/\/thepueblatimes.mx\/wp-content\/uploads\/2026\/09\/BANNERS_LLUVIAS_1200X150-1-1024x128.jpg\" class=\"attachment-large size-large\" alt=\"\" decoding=\"async\" loading=\"lazy\" srcset=\"https:\/\/thepueblatimes.mx\/wp-content\/uploads\/2026\/09\/BANNERS_LLUVIAS_1200X150-1-1024x128.jpg 1024w, https:\/\/thepueblatimes.mx\/wp-content\/uploads\/2026\/09\/BANNERS_LLUVIAS_1200X150-1-300x38.jpg 300w, https:\/\/thepueblatimes.mx\/wp-content\/uploads\/2026\/09\/BANNERS_LLUVIAS_1200X150-1-768x96.jpg 768w, https:\/\/thepueblatimes.mx\/wp-content\/uploads\/2026\/09\/BANNERS_LLUVIAS_1200X150-1.jpg 1200w\" sizes=\"(max-width: 800px) 100vw, 800px\" \/>\t\t\t\t\t\t\t\t<\/a>\n\t\t\t\t\t\t\t\t\t\t\t\t\t\t\t<\/div>\n\t\t\t\t<\/div>\n\t\t\t\t<div class=\"elementor-element elementor-element-dcf772c elementor-widget elementor-widget-vinazine-featured-post\" data-id=\"dcf772c\" data-element_type=\"widget\" data-widget_type=\"vinazine-featured-post.default\">\n\t\t\t\t<div class=\"elementor-widget-container\">\n\t\t\t            \n                <div data-autoplay=\"yes\" id=\"featured-slider\" class=\"owl-carousel grid-slider vinazine-featured-post slider-grid-style1\">\n                                            <div class=\"ts-overlay-style featured-post post-39958 post type-post status-publish format-standard has-post-thumbnail hentry category-informate tag-grace-palomares tag-impugnacion tag-morena\">\n   <div class=\"item item-before\" style=\"background-image:url(https:\/\/thepueblatimes.mx\/wp-content\/uploads\/2026\/09\/grace-palomares-afirma-acatara-sancion-850x560.jpg)\">\n      <div class=\"gradient-overlay\"><\/div>\n      <a class=\"img-link\" href=\"https:\/\/thepueblatimes.mx\/index.php\/2026\/09\/01\/grace-palomares-amaga-con-impugnar-sancion-de-morena\/\"><\/a>\n      <div class=\"ts-post-thumb\">\n          \n                        <a \n               class=\"post-cat\" \n               href=\"https:\/\/thepueblatimes.mx\/index.php\/category\/informate\/\"\n               style=\"color:#ffffff; background-color:#d72924; border-left-color:#d72924\"\n               >\n               Inf\u00f3rmate            <\/a>\n               <\/div>\n      <div class=\"overlay-post-content\">\n         <div class=\"post-content\">\n            <h3 class=\"post-title\">\n               <a href=\"https:\/\/thepueblatimes.mx\/index.php\/2026\/09\/01\/grace-palomares-amaga-con-impugnar-sancion-de-morena\/\">\n               Grace Palomares amaga con impugnar sanci\u00f3n de Morena               <\/a>\n            <\/h3>\n            <ul class=\"post-meta-info\">\n                              \n                           <\/ul>\n         <\/div>\n      <\/div>\n   <\/div>\n<\/div>\n                                            <div class=\"ts-overlay-style featured-post post-39959 post type-post status-publish format-standard has-post-thumbnail hentry category-seguridad tag-cartel-de-sinaloa tag-investigacion tag-ssp-puebla\">\n   <div class=\"item item-before\" style=\"background-image:url(https:\/\/thepueblatimes.mx\/wp-content\/uploads\/2026\/09\/Cartel-de-Sinaloa-en-Puebla-SSP-analiza-posible-presencia-tras-operativo-en-San-Andres-SSP-1536x1024-1-850x560.jpg)\">\n      <div class=\"gradient-overlay\"><\/div>\n      <a class=\"img-link\" href=\"https:\/\/thepueblatimes.mx\/index.php\/2026\/09\/01\/ssp-investiga-presencia-del-cartel-de-sinaloa-en-puebla\/\"><\/a>\n      <div class=\"ts-post-thumb\">\n          \n                        <a \n               class=\"post-cat\" \n               href=\"https:\/\/thepueblatimes.mx\/index.php\/category\/seguridad\/\"\n               style=\"color:#ffffff; background-color:#d72924; border-left-color:#d72924\"\n               >\n               Seguridad            <\/a>\n               <\/div>\n      <div class=\"overlay-post-content\">\n         <div class=\"post-content\">\n            <h3 class=\"post-title\">\n               <a href=\"https:\/\/thepueblatimes.mx\/index.php\/2026\/09\/01\/ssp-investiga-presencia-del-cartel-de-sinaloa-en-puebla\/\">\n               SSP investiga presencia del C\u00e1rtel de Sinaloa en Puebla               <\/a>\n            <\/h3>\n            <ul class=\"post-meta-info\">\n                              \n                           <\/ul>\n         <\/div>\n      <\/div>\n   <\/div>\n<\/div>\n                                            <div class=\"ts-overlay-style featured-post post-39938 post type-post status-publish format-standard has-post-thumbnail hentry category-seguridad tag-cadaveres tag-hallazgo tag-mujeres tag-tenampulco\">\n   <div class=\"item item-before\" style=\"background-image:url(https:\/\/thepueblatimes.mx\/wp-content\/uploads\/2026\/08\/790425180_1757628288608051_956035183151466252_n-850x560.jpg)\">\n      <div class=\"gradient-overlay\"><\/div>\n      <a class=\"img-link\" href=\"https:\/\/thepueblatimes.mx\/index.php\/2026\/08\/31\/abandonan-dos-cadaveres-de-mujeres-en-barranca-de-tenampulco\/\"><\/a>\n      <div class=\"ts-post-thumb\">\n          \n                        <a \n               class=\"post-cat\" \n               href=\"https:\/\/thepueblatimes.mx\/index.php\/category\/seguridad\/\"\n               style=\"color:#ffffff; background-color:#d72924; border-left-color:#d72924\"\n               >\n               Seguridad            <\/a>\n               <\/div>\n      <div class=\"overlay-post-content\">\n         <div class=\"post-content\">\n            <h3 class=\"post-title\">\n               <a href=\"https:\/\/thepueblatimes.mx\/index.php\/2026\/08\/31\/abandonan-dos-cadaveres-de-mujeres-en-barranca-de-tenampulco\/\">\n               Abandonan dos cad\u00e1veres de mujeres en barranca de Tenampulco               <\/a>\n            <\/h3>\n            <ul class=\"post-meta-info\">\n                              \n                           <\/ul>\n         <\/div>\n      <\/div>\n   <\/div>\n<\/div>\n                                            <div class=\"ts-overlay-style featured-post post-39937 post type-post status-publish format-standard has-post-thumbnail hentry category-seguridad tag-agua-santa tag-baleado tag-golpeado tag-robo\">\n   <div class=\"item item-before\" style=\"background-image:url(https:\/\/thepueblatimes.mx\/wp-content\/uploads\/2026\/08\/20250110ujnuevaspatrullas-3-6-850x560.jpg)\">\n      <div class=\"gradient-overlay\"><\/div>\n      <a class=\"img-link\" href=\"https:\/\/thepueblatimes.mx\/index.php\/2026\/08\/31\/balean-y-golpean-a-menor-para-robarle-su-motocicleta-en-agua-santa\/\"><\/a>\n      <div class=\"ts-post-thumb\">\n          \n                        <a \n               class=\"post-cat\" \n               href=\"https:\/\/thepueblatimes.mx\/index.php\/category\/seguridad\/\"\n               style=\"color:#ffffff; background-color:#d72924; border-left-color:#d72924\"\n               >\n               Seguridad            <\/a>\n               <\/div>\n      <div class=\"overlay-post-content\">\n         <div class=\"post-content\">\n            <h3 class=\"post-title\">\n               <a href=\"https:\/\/thepueblatimes.mx\/index.php\/2026\/08\/31\/balean-y-golpean-a-menor-para-robarle-su-motocicleta-en-agua-santa\/\">\n               Balean y golpean a menor para robarle su motocicleta en Agua Santa               <\/a>\n            <\/h3>\n            <ul class=\"post-meta-info\">\n                              \n                           <\/ul>\n         <\/div>\n      <\/div>\n   <\/div>\n<\/div>\n                                            <div class=\"ts-overlay-style featured-post post-39940 post type-post status-publish format-standard has-post-thumbnail hentry category-informate tag-cablebus tag-construccion tag-jose-luis-garcia-parra tag-septiembre\">\n   <div class=\"item item-before\" style=\"background-image:url(https:\/\/thepueblatimes.mx\/wp-content\/uploads\/2026\/08\/32b944aa-13122025dpgondola-07-1000x667-1-850x560.jpg)\">\n      <div class=\"gradient-overlay\"><\/div>\n      <a class=\"img-link\" href=\"https:\/\/thepueblatimes.mx\/index.php\/2026\/08\/31\/garcia-parra-reitera-que-en-septiembre-inicia-construccion-del-cablebus\/\"><\/a>\n      <div class=\"ts-post-thumb\">\n          \n                        <a \n               class=\"post-cat\" \n               href=\"https:\/\/thepueblatimes.mx\/index.php\/category\/informate\/\"\n               style=\"color:#ffffff; background-color:#d72924; border-left-color:#d72924\"\n               >\n               Inf\u00f3rmate            <\/a>\n               <\/div>\n      <div class=\"overlay-post-content\">\n         <div class=\"post-content\">\n            <h3 class=\"post-title\">\n               <a href=\"https:\/\/thepueblatimes.mx\/index.php\/2026\/08\/31\/garcia-parra-reitera-que-en-septiembre-inicia-construccion-del-cablebus\/\">\n               Garc\u00eda Parra reitera que en septiembre inicia construcci\u00f3n del Cableb\u00fas               <\/a>\n            <\/h3>\n            <ul class=\"post-meta-info\">\n                              \n                           <\/ul>\n         <\/div>\n      <\/div>\n   <\/div>\n<\/div>\n                                    <\/div>\n\n                              \t\t<\/div>\n\t\t\t\t<\/div>\n\t\t\t\t<div class=\"elementor-element elementor-element-d17924b elementor-widget elementor-widget-vinazine-more-post-two\" data-id=\"d17924b\" data-element_type=\"widget\" data-widget_type=\"vinazine-more-post-two.default\">\n\t\t\t\t<div class=\"elementor-widget-container\">\n\t\t\t        \n                    <div class=\"ts-grid-box most-populer-item \">\n               <!-- title style start-->\n               \n                <!-- title style end-->\n\n                <div data-autoplay=\"no\" class=\"most-populers grid-slider\">\n                     <div class=\"row\">\n                                             <div class=\"col-lg col-md-6\">\n                              <div class=\"item grid-sm grid-no-desc\">\n                                 \n<div class=\"ts-col-box-item post-39958 post type-post status-publish format-standard has-post-thumbnail hentry category-informate tag-grace-palomares tag-impugnacion tag-morena\">\n\t<div class=\"ts-post-thumb\">\n\t\t<a href=\"https:\/\/thepueblatimes.mx\/index.php\/2026\/09\/01\/grace-palomares-amaga-con-impugnar-sancion-de-morena\/\">\n\t\t\n\t\t\t\t<img width=\"455\" height=\"300\" src=\"https:\/\/thepueblatimes.mx\/wp-content\/uploads\/2026\/09\/grace-palomares-afirma-acatara-sancion-455x300.jpg\" class=\"attachment-vinkmag-small size-vinkmag-small wp-post-image\" alt=\"\" decoding=\"async\" loading=\"lazy\" srcset=\"https:\/\/thepueblatimes.mx\/wp-content\/uploads\/2026\/09\/grace-palomares-afirma-acatara-sancion-455x300.jpg 455w, https:\/\/thepueblatimes.mx\/wp-content\/uploads\/2026\/09\/grace-palomares-afirma-acatara-sancion-850x560.jpg 850w\" sizes=\"(max-width: 455px) 100vw, 455px\" \/>\t\t<\/a>\n   <\/div>\n   \n\t<div class=\"post-content\">\n\t\t<h3 class=\"post-title\">\n\t\t\t<a href=\"https:\/\/thepueblatimes.mx\/index.php\/2026\/09\/01\/grace-palomares-amaga-con-impugnar-sancion-de-morena\/\">Grace Palomares amaga con impugnar sanci\u00f3n de Morena<\/a>\n\t\t<\/h3>\n\t\t\t\t<ul class=\"post-meta-info\">\n\t\t\t\t\t\t         \n         \t\t<\/ul>\n\t\t<p>\n\t\t\tLa diputada Elvia Graciela Palomares Ram\u00edrez no descart\u00f3 la posibilidad de recurrir a los tribunales electorales para impugnar la resoluci\u00f3n de la Comisi\u00f3n Nacional de Honestidad y Justicia (CNHJ) de su partido. Esto en caso&hellip;\t\t<\/p>\n\t<\/div>\n<\/div>                              <\/div>\n                        <\/div>\n                                             <div class=\"col-lg col-md-6\">\n                              <div class=\"item grid-sm grid-no-desc\">\n                                 \n<div class=\"ts-col-box-item post-39959 post type-post status-publish format-standard has-post-thumbnail hentry category-seguridad tag-cartel-de-sinaloa tag-investigacion tag-ssp-puebla\">\n\t<div class=\"ts-post-thumb\">\n\t\t<a href=\"https:\/\/thepueblatimes.mx\/index.php\/2026\/09\/01\/ssp-investiga-presencia-del-cartel-de-sinaloa-en-puebla\/\">\n\t\t\n\t\t\t\t<img width=\"455\" height=\"300\" src=\"https:\/\/thepueblatimes.mx\/wp-content\/uploads\/2026\/09\/Cartel-de-Sinaloa-en-Puebla-SSP-analiza-posible-presencia-tras-operativo-en-San-Andres-SSP-1536x1024-1-455x300.jpg\" class=\"attachment-vinkmag-small size-vinkmag-small wp-post-image\" alt=\"\" decoding=\"async\" loading=\"lazy\" srcset=\"https:\/\/thepueblatimes.mx\/wp-content\/uploads\/2026\/09\/Cartel-de-Sinaloa-en-Puebla-SSP-analiza-posible-presencia-tras-operativo-en-San-Andres-SSP-1536x1024-1-455x300.jpg 455w, https:\/\/thepueblatimes.mx\/wp-content\/uploads\/2026\/09\/Cartel-de-Sinaloa-en-Puebla-SSP-analiza-posible-presencia-tras-operativo-en-San-Andres-SSP-1536x1024-1-850x560.jpg 850w\" sizes=\"(max-width: 455px) 100vw, 455px\" \/>\t\t<\/a>\n   <\/div>\n   \n\t<div class=\"post-content\">\n\t\t<h3 class=\"post-title\">\n\t\t\t<a href=\"https:\/\/thepueblatimes.mx\/index.php\/2026\/09\/01\/ssp-investiga-presencia-del-cartel-de-sinaloa-en-puebla\/\">SSP investiga presencia del C\u00e1rtel de Sinaloa en Puebla<\/a>\n\t\t<\/h3>\n\t\t\t\t<ul class=\"post-meta-info\">\n\t\t\t\t\t\t         \n         \t\t<\/ul>\n\t\t<p>\n\t\t\tEl titular de la Secretar\u00eda de Seguridad P\u00fablica (SSP), vicealmirante Francisco S\u00e1nchez Gonz\u00e1lez, manifest\u00f3 que se investiga la posible presencia de c\u00e9lulas del C\u00e1rtel de Sinaloa en Puebla. Ello, luego de la detenci\u00f3n de Jes\u00fas&hellip;\t\t<\/p>\n\t<\/div>\n<\/div>                              <\/div>\n                        <\/div>\n                                         <\/div>\n                <\/div>\n            <\/div>\n        \n\n\n      \t\t<\/div>\n\t\t\t\t<\/div>\n\t\t\t\t<div class=\"elementor-element elementor-element-4137b90 elementor-widget elementor-widget-vinazine-post-list\" data-id=\"4137b90\" data-element_type=\"widget\" data-widget_type=\"vinazine-post-list.default\">\n\t\t\t\t<div class=\"elementor-widget-container\">\n\t\t\t        \n                                                    <div class=\"widgets ts-grid-box widgets-populer-post  \">\n                                                                \n                                    \n                                                                                 <div class=\"item grid-md\">\n                                            <div class=\"ts-overlay-style post-39959 post type-post status-publish format-standard has-post-thumbnail hentry category-seguridad tag-cartel-de-sinaloa tag-investigacion tag-ssp-puebla\">\n\t<div class=\"item\">\n\t\t<div class=\"ts-post-thumb\">\n\t\t\t \n\t\t\t\t\t\t\t\t<a \n\t\t\t\t\tclass=\"post-cat\" \n\t\t\t\t\thref=\"https:\/\/thepueblatimes.mx\/index.php\/category\/seguridad\/\"\n\t\t\t\t\tstyle=\"color:#ffffff; background-color:#d72924; border-left-color:#d72924\"\n\t\t\t\t\t>\n\t\t\t\t\tSeguridad\t\t\t\t<\/a>\n\t\t\t\t\t\t<a href=\"https:\/\/thepueblatimes.mx\/index.php\/2026\/09\/01\/ssp-investiga-presencia-del-cartel-de-sinaloa-en-puebla\/\">\n\t\t\t\t<img \n\t\t\t\t\t \n\t\t\t\t\tsrc=\"https:\/\/thepueblatimes.mx\/wp-content\/uploads\/2026\/09\/Cartel-de-Sinaloa-en-Puebla-SSP-analiza-posible-presencia-tras-operativo-en-San-Andres-SSP-1536x1024-1-600x398.jpg\" \n\t\t\t\t\talt=\"SSP investiga presencia del C\u00e1rtel de Sinaloa en Puebla\">\n         \t<\/a>\n       \n\t\t<\/div>\n\t\t<div class=\"overlay-post-content\">\n\t\t\t<div class=\"post-content\">\n\t\t\t\t<h3 class=\"post-title\">\n\t\t\t\t\t<a href=\"https:\/\/thepueblatimes.mx\/index.php\/2026\/09\/01\/ssp-investiga-presencia-del-cartel-de-sinaloa-en-puebla\/\">SSP investiga presencia del C\u00e1rtel de Sinaloa en Puebla<\/a>\n\t\t\t\t<\/h3>\n\t\t\t\t\t\t\t\t<ul class=\"post-meta-info\">\n\t\t\t\t\t\t\t\t\t\t               \n               \n\t\t\t\t<\/ul>\n\t\t\t<\/div>\n\t\t<\/div>\n\t<\/div>\n<\/div>                                        <\/div>\n                                                                                                                                                                                     <div class=\"post-content media\">\n                                            <a href=\"https:\/\/thepueblatimes.mx\/index.php\/2026\/08\/31\/abandonan-dos-cadaveres-de-mujeres-en-barranca-de-tenampulco\/\">\n                                                <img decoding=\"async\" \n                                                class=\"d-flex sidebar-img\" \n                                                src=\"https:\/\/thepueblatimes.mx\/wp-content\/uploads\/2026\/08\/790425180_1757628288608051_956035183151466252_n-455x300.jpg\" \n                                                alt=\"Abandonan dos cad\u00e1veres de mujeres en barranca de Tenampulco\">\n                                                                                            <\/a>\n                                            \n                                            <div class=\"media-body \">\n                                                                                                <h4 class=\"post-title\">\n                                                    <a href=\"https:\/\/thepueblatimes.mx\/index.php\/2026\/08\/31\/abandonan-dos-cadaveres-de-mujeres-en-barranca-de-tenampulco\/\">  Abandonan dos cad\u00e1veres de mujeres en barranca de Tenampulco<\/a>\n                                                 \n                                                <\/h4>\n                                                                                           \n                                            <\/div>\n                                        <\/div>\n                                                                                                                                            <div class=\"post-content media\">\n                                            <a href=\"https:\/\/thepueblatimes.mx\/index.php\/2026\/08\/31\/balean-y-golpean-a-menor-para-robarle-su-motocicleta-en-agua-santa\/\">\n                                                <img decoding=\"async\" \n                                                class=\"d-flex sidebar-img\" \n                                                src=\"https:\/\/thepueblatimes.mx\/wp-content\/uploads\/2026\/08\/20250110ujnuevaspatrullas-3-6-455x300.jpg\" \n                                                alt=\"Balean y golpean a menor para robarle su motocicleta en Agua Santa\">\n                                                                                            <\/a>\n                                            \n                                            <div class=\"media-body \">\n                                                                                                <h4 class=\"post-title\">\n                                                    <a href=\"https:\/\/thepueblatimes.mx\/index.php\/2026\/08\/31\/balean-y-golpean-a-menor-para-robarle-su-motocicleta-en-agua-santa\/\">  Balean y golpean a menor para robarle su motocicleta en Agua Santa<\/a>\n                                                 \n                                                <\/h4>\n                                                                                           \n                                            <\/div>\n                                        <\/div>\n                                                                                                                                            <div class=\"post-content media\">\n                                            <a href=\"https:\/\/thepueblatimes.mx\/index.php\/2026\/08\/29\/transeunte-se-desvanece-y-fallece-en-el-centro-historico-de-puebla\/\">\n                                                <img decoding=\"async\" \n                                                class=\"d-flex sidebar-img\" \n                                                src=\"https:\/\/thepueblatimes.mx\/wp-content\/uploads\/2026\/08\/Desvanecido-455x300.png\" \n                                                alt=\"Transe\u00fante se desvanece y fallece en el Centro Hist\u00f3rico de Puebla\">\n                                                                                            <\/a>\n                                            \n                                            <div class=\"media-body \">\n                                                                                                <h4 class=\"post-title\">\n                                                    <a href=\"https:\/\/thepueblatimes.mx\/index.php\/2026\/08\/29\/transeunte-se-desvanece-y-fallece-en-el-centro-historico-de-puebla\/\">  Transe\u00fante se desvanece y fallece en el Centro Hist\u00f3rico de Puebla<\/a>\n                                                 \n                                                <\/h4>\n                                                                                           \n                                            <\/div>\n                                        <\/div>\n                                                                                                                                            <div class=\"post-content media\">\n                                            <a href=\"https:\/\/thepueblatimes.mx\/index.php\/2026\/08\/27\/operativo-contra-el-cartel-de-sinaloa-en-san-andres-cholula\/\">\n                                                <img decoding=\"async\" \n                                                class=\"d-flex sidebar-img\" \n                                                src=\"https:\/\/thepueblatimes.mx\/wp-content\/uploads\/2026\/08\/WhatsApp-Image-2026-08-26-at-19.49.07-1-1024x768-1-455x300.jpeg\" \n                                                alt=\"Operativo contra el c\u00e1rtel de Sinaloa en San Andr\u00e9s Cholula\">\n                                                                                            <\/a>\n                                            \n                                            <div class=\"media-body \">\n                                                                                                <h4 class=\"post-title\">\n                                                    <a href=\"https:\/\/thepueblatimes.mx\/index.php\/2026\/08\/27\/operativo-contra-el-cartel-de-sinaloa-en-san-andres-cholula\/\">  Operativo contra el c\u00e1rtel de Sinaloa en San Andr\u00e9s Cholula<\/a>\n                                                 \n                                                <\/h4>\n                                                                                           \n                                            <\/div>\n                                        <\/div>\n                                                                                                <\/div>\n                                      \t\t<\/div>\n\t\t\t\t<\/div>\n\t\t\t\t<div class=\"elementor-element elementor-element-68b9c74 elementor-widget elementor-widget-vinazine-post-list\" data-id=\"68b9c74\" data-element_type=\"widget\" data-widget_type=\"vinazine-post-list.default\">\n\t\t\t\t<div class=\"elementor-widget-container\">\n\t\t\t        \n                                                    <div class=\"widgets ts-grid-box widgets-populer-post  \">\n                                                                \n                                    \n                                                                                 <div class=\"item grid-md\">\n                                            <div class=\"ts-overlay-style post-25401 post type-post status-publish format-standard has-post-thumbnail hentry category-economia\">\n\t<div class=\"item\">\n\t\t<div class=\"ts-post-thumb\">\n\t\t\t \n\t\t\t\t\t\t\t\t<a \n\t\t\t\t\tclass=\"post-cat\" \n\t\t\t\t\thref=\"https:\/\/thepueblatimes.mx\/index.php\/category\/economia\/\"\n\t\t\t\t\tstyle=\"color:#ffffff; background-color:#d72924; border-left-color:#d72924\"\n\t\t\t\t\t>\n\t\t\t\t\tEconom\u00eda\t\t\t\t<\/a>\n\t\t\t\t\t\t<a href=\"https:\/\/thepueblatimes.mx\/index.php\/2024\/10\/11\/td-bank-se-declara-culpable-de-lavado-de-dinero-y-pagara-3000-mdd\/\">\n\t\t\t\t<img \n\t\t\t\t\t \n\t\t\t\t\tsrc=\"https:\/\/thepueblatimes.mx\/wp-content\/uploads\/2024\/10\/descarga-600x398.webp\" \n\t\t\t\t\talt=\"TD Bank se declara culpable de lavado de dinero y pagar\u00e1 3,000 mdd\">\n         \t<\/a>\n       \n\t\t<\/div>\n\t\t<div class=\"overlay-post-content\">\n\t\t\t<div class=\"post-content\">\n\t\t\t\t<h3 class=\"post-title\">\n\t\t\t\t\t<a href=\"https:\/\/thepueblatimes.mx\/index.php\/2024\/10\/11\/td-bank-se-declara-culpable-de-lavado-de-dinero-y-pagara-3000-mdd\/\">TD Bank se declara culpable de lavado de dinero y pagar\u00e1 3,000 mdd<\/a>\n\t\t\t\t<\/h3>\n\t\t\t\t\t\t\t\t<ul class=\"post-meta-info\">\n\t\t\t\t\t\t\t\t\t\t               \n               \n\t\t\t\t<\/ul>\n\t\t\t<\/div>\n\t\t<\/div>\n\t<\/div>\n<\/div>                                        <\/div>\n                                                                                                                                                                                     <div class=\"post-content media\">\n                                            <a href=\"https:\/\/thepueblatimes.mx\/index.php\/2024\/09\/26\/otros-platillos-de-la-temporada-de-mole-de-caderas\/\">\n                                                <img decoding=\"async\" \n                                                class=\"d-flex sidebar-img\" \n                                                src=\"https:\/\/thepueblatimes.mx\/wp-content\/uploads\/2024\/09\/Mole-de-cadera-o-huaxmole-455x300.jpg\" \n                                                alt=\"Otros platillos de la temporada de mole de caderas\">\n                                                                                            <\/a>\n                                            \n                                            <div class=\"media-body \">\n                                                                                                <h4 class=\"post-title\">\n                                                    <a href=\"https:\/\/thepueblatimes.mx\/index.php\/2024\/09\/26\/otros-platillos-de-la-temporada-de-mole-de-caderas\/\">  Otros platillos de la temporada de mole de caderas<\/a>\n                                                 \n                                                <\/h4>\n                                                                                           \n                                            <\/div>\n                                        <\/div>\n                                                                                                                                            <div class=\"post-content media\">\n                                            <a href=\"https:\/\/thepueblatimes.mx\/index.php\/2024\/09\/12\/a-pesar-de-la-reforma-judicial-mexico-recibira-inversion-extranjera-historica-en-2024-y-2025-cefp\/\">\n                                                <img decoding=\"async\" \n                                                class=\"d-flex sidebar-img\" \n                                                src=\"https:\/\/thepueblatimes.mx\/wp-content\/uploads\/2024\/09\/321afceaf82d131e4633ae8d9f1bd182fb01cdcd-scaled-e1634730567218-640x360-1-455x300.jpg\" \n                                                alt=\"A pesar de la reforma judicial, M\u00e9xico recibir\u00e1 inversi\u00f3n extranjera hist\u00f3rica en 2024 y 2025: CEFP\">\n                                                                                            <\/a>\n                                            \n                                            <div class=\"media-body \">\n                                                                                                <h4 class=\"post-title\">\n                                                    <a href=\"https:\/\/thepueblatimes.mx\/index.php\/2024\/09\/12\/a-pesar-de-la-reforma-judicial-mexico-recibira-inversion-extranjera-historica-en-2024-y-2025-cefp\/\">  A pesar de la reforma judicial, M\u00e9xico recibir\u00e1 inversi\u00f3n extranjera hist\u00f3rica en 2024 y 2025: CEFP<\/a>\n                                                 \n                                                <\/h4>\n                                                                                           \n                                            <\/div>\n                                        <\/div>\n                                                                                                                                            <div class=\"post-content media\">\n                                            <a href=\"https:\/\/thepueblatimes.mx\/index.php\/2024\/09\/10\/reservas-internacionales-dan-el-grito-con-nuevo-record-superan-los-225-mil-mdd-en-inicio-del-mes-patrio\/\">\n                                                <img decoding=\"async\" \n                                                class=\"d-flex sidebar-img\" \n                                                src=\"https:\/\/thepueblatimes.mx\/wp-content\/uploads\/2024\/09\/GZRDWKBF4VHKZMN3TOVQRUSXBU-455x300.jpg\" \n                                                alt=\"Reservas internacionales \u00abdan el grito\u00bb con nuevo r\u00e9cord; superan los 225 mil mdd en inicio del mes patrio\">\n                                                                                            <\/a>\n                                            \n                                            <div class=\"media-body \">\n                                                                                                <h4 class=\"post-title\">\n                                                    <a href=\"https:\/\/thepueblatimes.mx\/index.php\/2024\/09\/10\/reservas-internacionales-dan-el-grito-con-nuevo-record-superan-los-225-mil-mdd-en-inicio-del-mes-patrio\/\">  Reservas internacionales \u00abdan el grito\u00bb con nuevo r\u00e9cord; superan los 225 mil mdd en inicio del mes patrio<\/a>\n                                                 \n                                                <\/h4>\n                                                                                           \n                                            <\/div>\n                                        <\/div>\n                                                                                                                                            <div class=\"post-content media\">\n                                            <a href=\"https:\/\/thepueblatimes.mx\/index.php\/2024\/09\/10\/san-pedro-tepontla-cuna-de-la-pirotecnia-poblana\/\">\n                                                <img decoding=\"async\" \n                                                class=\"d-flex sidebar-img\" \n                                                src=\"https:\/\/thepueblatimes.mx\/wp-content\/uploads\/2024\/09\/Enormes-toritos-de-hasta-tres-metros-de-largo-este-dia-seran-quemados-en-la-tierra-de-los-pirotecnicos-que-es-San-Cristobal-Tepontla-455x300.jpeg\" \n                                                alt=\"San Crist\u00f3bal Tepontla cuna de la Pirotecnia Poblana\">\n                                                                                            <\/a>\n                                            \n                                            <div class=\"media-body \">\n                                                                                                <h4 class=\"post-title\">\n                                                    <a href=\"https:\/\/thepueblatimes.mx\/index.php\/2024\/09\/10\/san-pedro-tepontla-cuna-de-la-pirotecnia-poblana\/\">  San Crist\u00f3bal Tepontla cuna de la Pirotecnia Poblana<\/a>\n                                                 \n                                                <\/h4>\n                                                                                           \n                                            <\/div>\n                                        <\/div>\n                                                                                                <\/div>\n                                      \t\t<\/div>\n\t\t\t\t<\/div>\n\t\t\t\t\t<\/div>\n\t\t<\/div>\n\t\t\t\t<div class=\"elementor-column elementor-col-25 elementor-top-column elementor-element elementor-element-9c5e89e\" data-id=\"9c5e89e\" data-element_type=\"column\">\n\t\t\t<div class=\"elementor-widget-wrap elementor-element-populated\">\n\t\t\t\t\t\t\t\t<div class=\"elementor-element elementor-element-1c62a0b elementor-widget elementor-widget-vinazine-post-list\" data-id=\"1c62a0b\" data-element_type=\"widget\" data-widget_type=\"vinazine-post-list.default\">\n\t\t\t\t<div class=\"elementor-widget-container\">\n\t\t\t        \n                                                    <div class=\"ts-grid-box ts-col-box  grid-sm  grid-no-desc \">\n                            \n      <h2 class=\"title-bg ts-title block-title-style2 \">\n      <span class=\"title-text\"> Nacional<\/span>\n      <span class=\"title-after\"><\/span>\n                     <div class=\"clearfix\"><\/div>\n      \n   <\/h2>\n\n   \n\n                                                                    <div class=\"item grid-sm\">\n                                        \n<div class=\"ts-col-box-item post-39834 post type-post status-publish format-standard has-post-thumbnail hentry category-nacional tag-clima tag-lluvias tag-precaucion\">\n\t<div class=\"ts-post-thumb\">\n\t\t<a href=\"https:\/\/thepueblatimes.mx\/index.php\/2026\/08\/25\/lluvias-muy-fuertes-afectaran-cinco-estados-puebla-y-morelos-esperan-chubascos\/\">\n\t\t\n\t\t\t\t<img width=\"455\" height=\"300\" src=\"https:\/\/thepueblatimes.mx\/wp-content\/uploads\/2026\/08\/pronostica-smn-lluvias-fuertes-en-gran-parte-del-pais-por-onda-tropical-31_599e81dc-d04d-4cfe-b1a9-bb8ade09e498_medialjnimgndimagefullsize-455x300.webp\" class=\"attachment-vinkmag-small size-vinkmag-small wp-post-image\" alt=\"\" decoding=\"async\" loading=\"lazy\" srcset=\"https:\/\/thepueblatimes.mx\/wp-content\/uploads\/2026\/08\/pronostica-smn-lluvias-fuertes-en-gran-parte-del-pais-por-onda-tropical-31_599e81dc-d04d-4cfe-b1a9-bb8ade09e498_medialjnimgndimagefullsize-455x300.webp 455w, https:\/\/thepueblatimes.mx\/wp-content\/uploads\/2026\/08\/pronostica-smn-lluvias-fuertes-en-gran-parte-del-pais-por-onda-tropical-31_599e81dc-d04d-4cfe-b1a9-bb8ade09e498_medialjnimgndimagefullsize-850x560.webp 850w\" sizes=\"(max-width: 455px) 100vw, 455px\" \/>\t\t<\/a>\n   <\/div>\n   \n\t<div class=\"post-content\">\n\t\t<h3 class=\"post-title\">\n\t\t\t<a href=\"https:\/\/thepueblatimes.mx\/index.php\/2026\/08\/25\/lluvias-muy-fuertes-afectaran-cinco-estados-puebla-y-morelos-esperan-chubascos\/\">Lluvias muy fuertes afectar\u00e1n cinco estados; Puebla y Morelos esperan chubascos<\/a>\n\t\t<\/h3>\n\t\t\t\t<ul class=\"post-meta-info\">\n\t\t\t\t\t\t         \n         \t\t<\/ul>\n\t\t<p>\n\t\t\tLluvias muy fuertes afectar\u00e1n cinco estados; Puebla y Morelos esperan chubascos &#8211; Un martes marcado por lluvias, tormentas el\u00e9ctricas y altas temperaturas se prev\u00e9 para buena parte del pa\u00eds. El Servicio Meteorol\u00f3gico Nacional (SMN) pronostic\u00f3 precipitaciones muy fuertes, de 50 a 75 mil\u00edmetros, en zonas de Nayarit, Jalisco, Colima, Michoac\u00e1n y Guerrero. Tambi\u00e9n se esperan...\t\t<\/p>\n\t<\/div>\n<\/div>                                    <\/div>\n                                                                    <div class=\"item grid-sm\">\n                                        \n<div class=\"ts-col-box-item post-39798 post type-post status-publish format-standard has-post-thumbnail hentry category-nacional tag-claudia-sheinbaum tag-morena tag-ruben-rocha-moya\">\n\t<div class=\"ts-post-thumb\">\n\t\t<a href=\"https:\/\/thepueblatimes.mx\/index.php\/2026\/08\/22\/sheinbaum-marca-distancia-de-rocha-moya-el-poder-sin-principios-se-vuelve-arrogancia\/\">\n\t\t\n\t\t\t\t<img width=\"455\" height=\"300\" src=\"https:\/\/thepueblatimes.mx\/wp-content\/uploads\/2026\/08\/OISVYYU4WRKLZG7UNNXGVVHYUQ-455x300.jpg\" class=\"attachment-vinkmag-small size-vinkmag-small wp-post-image\" alt=\"\" decoding=\"async\" loading=\"lazy\" srcset=\"https:\/\/thepueblatimes.mx\/wp-content\/uploads\/2026\/08\/OISVYYU4WRKLZG7UNNXGVVHYUQ-455x300.jpg 455w, https:\/\/thepueblatimes.mx\/wp-content\/uploads\/2026\/08\/OISVYYU4WRKLZG7UNNXGVVHYUQ-850x560.jpg 850w\" sizes=\"(max-width: 455px) 100vw, 455px\" \/>\t\t<\/a>\n   <\/div>\n   \n\t<div class=\"post-content\">\n\t\t<h3 class=\"post-title\">\n\t\t\t<a href=\"https:\/\/thepueblatimes.mx\/index.php\/2026\/08\/22\/sheinbaum-marca-distancia-de-rocha-moya-el-poder-sin-principios-se-vuelve-arrogancia\/\">Sheinbaum marca distancia de Rocha Moya: \u201cEl poder sin principios se vuelve arrogancia\u201d<\/a>\n\t\t<\/h3>\n\t\t\t\t<ul class=\"post-meta-info\">\n\t\t\t\t\t\t         \n         \t\t<\/ul>\n\t\t<p>\n\t\t\tLa presidenta lanz\u00f3 un contundente mensaje tras el regreso del gobernador de Sinaloa, quien retom\u00f3 el cargo en medio de acusaciones de autoridades estadounidenses por presuntos v\u00ednculos con el C\u00e1rtel de Sinaloa. La tensi\u00f3n dentro de Morena subi\u00f3 de nivel este s\u00e1bado. La presidenta Claudia Sheinbaum lanz\u00f3 un mensaje que fue interpretado como una clara...\t\t<\/p>\n\t<\/div>\n<\/div>                                    <\/div>\n                                                            <\/div>\n                                      \t\t<\/div>\n\t\t\t\t<\/div>\n\t\t\t\t<div class=\"elementor-element elementor-element-5e26311 elementor-widget elementor-widget-vinazine-post-list\" data-id=\"5e26311\" data-element_type=\"widget\" data-widget_type=\"vinazine-post-list.default\">\n\t\t\t\t<div class=\"elementor-widget-container\">\n\t\t\t        \n                                                    <div class=\"ts-grid-box ts-col-box  grid-sm  grid-no-desc \">\n                            \n      <h2 class=\"title-bg ts-title block-title-style2 \">\n      <span class=\"title-text\"> Opini\u00f3n<\/span>\n      <span class=\"title-after\"><\/span>\n                     <div class=\"clearfix\"><\/div>\n      \n   <\/h2>\n\n   \n\n                                                                    <div class=\"item grid-sm\">\n                                        \n<div class=\"ts-col-box-item post-39691 post type-post status-publish format-standard has-post-thumbnail hentry category-opinion tag-600-dias tag-alejandro-armenta-mier tag-gobierno-de-puebla\">\n\t<div class=\"ts-post-thumb\">\n\t\t<a href=\"https:\/\/thepueblatimes.mx\/index.php\/2026\/08\/18\/armenta-hace-justicia-a-la-mixteca-en-los-600-dias-de-su-gobierno\/\">\n\t\t\n\t\t\t\t<img width=\"455\" height=\"300\" src=\"https:\/\/thepueblatimes.mx\/wp-content\/uploads\/2026\/08\/773218429_1603521054455246_4721606558224604584_n-455x300.jpg\" class=\"attachment-vinkmag-small size-vinkmag-small wp-post-image\" alt=\"\" decoding=\"async\" loading=\"lazy\" srcset=\"https:\/\/thepueblatimes.mx\/wp-content\/uploads\/2026\/08\/773218429_1603521054455246_4721606558224604584_n-455x300.jpg 455w, https:\/\/thepueblatimes.mx\/wp-content\/uploads\/2026\/08\/773218429_1603521054455246_4721606558224604584_n-850x560.jpg 850w\" sizes=\"(max-width: 455px) 100vw, 455px\" \/>\t\t<\/a>\n   <\/div>\n   \n\t<div class=\"post-content\">\n\t\t<h3 class=\"post-title\">\n\t\t\t<a href=\"https:\/\/thepueblatimes.mx\/index.php\/2026\/08\/18\/armenta-hace-justicia-a-la-mixteca-en-los-600-dias-de-su-gobierno\/\">Armenta hace justicia a la Mixteca en los 600 d\u00edas de su gobierno<\/a>\n\t\t<\/h3>\n\t\t\t\t<ul class=\"post-meta-info\">\n\t\t\t\t\t\t         \n         \t\t<\/ul>\n\t\t<p>\n\t\t\tPUEBLA HOY \/ POR FERNANDO HOYOS &nbsp; Identificado por su origen mixteco, ya que dejo su ombligo enterrado en Iz\u00facar de Matamoros, el gobernador Alejandro Armenta Mier ha enfocado gran parte de sus primeros 600 d\u00edas de gesti\u00f3n en saldar una deuda hist\u00f3rica con el Valle de Atlixco y toda la Mixteca, haciendo\u00a0 justicia al...\t\t<\/p>\n\t<\/div>\n<\/div>                                    <\/div>\n                                                                    <div class=\"item grid-sm\">\n                                        \n<div class=\"ts-col-box-item post-39535 post type-post status-publish format-standard has-post-thumbnail hentry category-opinion tag-claudia-sheinbaum\">\n\t<div class=\"ts-post-thumb\">\n\t\t<a href=\"https:\/\/thepueblatimes.mx\/index.php\/2026\/08\/11\/derechos-de-las-audiencias-mordaza-o-escudo-ciudadano\/\">\n\t\t\n\t\t\t\t<img width=\"455\" height=\"300\" src=\"https:\/\/thepueblatimes.mx\/wp-content\/uploads\/2026\/08\/presentacion-libre-producto-2024-09-19t150742226-4r6Rl7R55-455x300.webp\" class=\"attachment-vinkmag-small size-vinkmag-small wp-post-image\" alt=\"\" decoding=\"async\" loading=\"lazy\" srcset=\"https:\/\/thepueblatimes.mx\/wp-content\/uploads\/2026\/08\/presentacion-libre-producto-2024-09-19t150742226-4r6Rl7R55-455x300.webp 455w, https:\/\/thepueblatimes.mx\/wp-content\/uploads\/2026\/08\/presentacion-libre-producto-2024-09-19t150742226-4r6Rl7R55-850x560.webp 850w\" sizes=\"(max-width: 455px) 100vw, 455px\" \/>\t\t<\/a>\n   <\/div>\n   \n\t<div class=\"post-content\">\n\t\t<h3 class=\"post-title\">\n\t\t\t<a href=\"https:\/\/thepueblatimes.mx\/index.php\/2026\/08\/11\/derechos-de-las-audiencias-mordaza-o-escudo-ciudadano\/\">Derechos de las audiencias: \u00bfMordaza o escudo ciudadano?<\/a>\n\t\t<\/h3>\n\t\t\t\t<ul class=\"post-meta-info\">\n\t\t\t\t\t\t         \n         \t\t<\/ul>\n\t\t<p>\n\t\t\tPUEBLA HOY \/ POR FERNANDO HOYOS El debate sobre los derechos de las audiencias en M\u00e9xico no es nuevo. Naci\u00f3 con las reformas constitucionales de 2013, sufri\u00f3 un duro rev\u00e9s en 2017 y hoy recobra fuerza en la agenda p\u00fablica. Tras a\u00f1os de un complejo limbo regulatorio, la nueva Ley en Materia de Telecomunicaciones busca...\t\t<\/p>\n\t<\/div>\n<\/div>                                    <\/div>\n                                                            <\/div>\n                                      \t\t<\/div>\n\t\t\t\t<\/div>\n\t\t\t\t<div class=\"elementor-element elementor-element-0743842 elementor-widget elementor-widget-vinazine-post-list\" data-id=\"0743842\" data-element_type=\"widget\" data-widget_type=\"vinazine-post-list.default\">\n\t\t\t\t<div class=\"elementor-widget-container\">\n\t\t\t        \n                                                    <div class=\"ts-grid-box ts-col-box  grid-sm  grid-no-desc \">\n                            \n      <h2 class=\"title-bg ts-title block-title-style2 \">\n      <span class=\"title-text\"> Migrantes<\/span>\n      <span class=\"title-after\"><\/span>\n                     <div class=\"clearfix\"><\/div>\n      \n   <\/h2>\n\n   \n\n                                                                    <div class=\"item grid-sm\">\n                                        \n<div class=\"ts-col-box-item post-39603 post type-post status-publish format-standard has-post-thumbnail hentry category-migrantes tag-asesinato tag-atlixquense tag-estados-unidos tag-muerte\">\n\t<div class=\"ts-post-thumb\">\n\t\t<a href=\"https:\/\/thepueblatimes.mx\/index.php\/2026\/08\/13\/migrante-de-atlixco-asesinada-en-estados-unidos\/\">\n\t\t\n\t\t\t\t<img width=\"455\" height=\"300\" src=\"https:\/\/thepueblatimes.mx\/wp-content\/uploads\/2026\/08\/migrante-de-atlixco-es-asesinada-en-nueva-york-familia-busca-repatriar-sus-restos-455x300.webp\" class=\"attachment-vinkmag-small size-vinkmag-small wp-post-image\" alt=\"\" decoding=\"async\" loading=\"lazy\" srcset=\"https:\/\/thepueblatimes.mx\/wp-content\/uploads\/2026\/08\/migrante-de-atlixco-es-asesinada-en-nueva-york-familia-busca-repatriar-sus-restos-455x300.webp 455w, https:\/\/thepueblatimes.mx\/wp-content\/uploads\/2026\/08\/migrante-de-atlixco-es-asesinada-en-nueva-york-familia-busca-repatriar-sus-restos-850x560.webp 850w\" sizes=\"(max-width: 455px) 100vw, 455px\" \/>\t\t<\/a>\n   <\/div>\n   \n\t<div class=\"post-content\">\n\t\t<h3 class=\"post-title\">\n\t\t\t<a href=\"https:\/\/thepueblatimes.mx\/index.php\/2026\/08\/13\/migrante-de-atlixco-asesinada-en-estados-unidos\/\">Migrante de Atlixco asesinada en Estados Unidos<\/a>\n\t\t<\/h3>\n\t\t\t\t<ul class=\"post-meta-info\">\n\t\t\t\t\t\t         \n         \t\t<\/ul>\n\t\t<p>\n\t\t\tErika Miranda Tlacua -40 a\u00f1os de edad- originaria de San Juan Tejaluca, Atlixco, muri\u00f3 en Brooklyn, Nueva York. Al momento los tr\u00e1mites para la repatriaci\u00f3n de su cuerpo quedaron concluidos. La informaci\u00f3n disponible indica que Erika fue encontrada sin vida dentro de un departamento, hace m\u00e1s de una semana, pero no ha podido ser repatriada...\t\t<\/p>\n\t<\/div>\n<\/div>                                    <\/div>\n                                                                    <div class=\"item grid-sm\">\n                                        \n<div class=\"ts-col-box-item post-39459 post type-post status-publish format-standard has-post-thumbnail hentry category-migrantes tag-consulado-de-mexico tag-estados-unidos tag-migrantes tag-visados tag-visas\">\n\t<div class=\"ts-post-thumb\">\n\t\t<a href=\"https:\/\/thepueblatimes.mx\/index.php\/2026\/08\/06\/visas-en-riesgo-amenazan-con-paralizar-consulados-mexicanos-en-estados-unidos\/\">\n\t\t\n\t\t\t\t<img width=\"455\" height=\"300\" src=\"https:\/\/thepueblatimes.mx\/wp-content\/uploads\/2026\/08\/CPMD6PFMLFA5TIUWXNPY4U5M2I-455x300.jpg\" class=\"attachment-vinkmag-small size-vinkmag-small wp-post-image\" alt=\"\" decoding=\"async\" loading=\"lazy\" srcset=\"https:\/\/thepueblatimes.mx\/wp-content\/uploads\/2026\/08\/CPMD6PFMLFA5TIUWXNPY4U5M2I-455x300.jpg 455w, https:\/\/thepueblatimes.mx\/wp-content\/uploads\/2026\/08\/CPMD6PFMLFA5TIUWXNPY4U5M2I-850x560.jpg 850w\" sizes=\"(max-width: 455px) 100vw, 455px\" \/>\t\t<\/a>\n   <\/div>\n   \n\t<div class=\"post-content\">\n\t\t<h3 class=\"post-title\">\n\t\t\t<a href=\"https:\/\/thepueblatimes.mx\/index.php\/2026\/08\/06\/visas-en-riesgo-amenazan-con-paralizar-consulados-mexicanos-en-estados-unidos\/\">Visas en riesgo amenazan con paralizar consulados mexicanos en Estados Unidos<\/a>\n\t\t<\/h3>\n\t\t\t\t<ul class=\"post-meta-info\">\n\t\t\t\t\t\t         \n         \t\t<\/ul>\n\t\t<p>\n\t\t\tCerca de 400 trabajadores de los consulados de M\u00e9xico en Estados Unidos enfrentan la posible p\u00e9rdida de sus empleos y de su estatus migratorio debido al vencimiento de las visas A-2, utilizadas por personal contratado para desempe\u00f1ar funciones oficiales en representaciones diplom\u00e1ticas. La situaci\u00f3n podr\u00eda afectar la operaci\u00f3n de los 53 consulados mexicanos en territorio...\t\t<\/p>\n\t<\/div>\n<\/div>                                    <\/div>\n                                                            <\/div>\n                                      \t\t<\/div>\n\t\t\t\t<\/div>\n\t\t\t\t\t<\/div>\n\t\t<\/div>\n\t\t\t\t\t\t\t<\/div>\n\t\t<\/section>\n\t\t\t\t<section class=\"elementor-section elementor-top-section elementor-element elementor-element-50ea98a elementor-section-boxed elementor-section-height-default elementor-section-height-default\" data-id=\"50ea98a\" data-element_type=\"section\">\n\t\t\t\t\t\t<div class=\"elementor-container elementor-column-gap-default\">\n\t\t\t\t\t<div class=\"elementor-column elementor-col-25 elementor-top-column elementor-element elementor-element-e32a759\" data-id=\"e32a759\" data-element_type=\"column\">\n\t\t\t<div class=\"elementor-widget-wrap elementor-element-populated\">\n\t\t\t\t\t\t\t\t<div class=\"elementor-element elementor-element-e29fd74 elementor-widget elementor-widget-vinazine-post-list\" data-id=\"e29fd74\" data-element_type=\"widget\" data-widget_type=\"vinazine-post-list.default\">\n\t\t\t\t<div class=\"elementor-widget-container\">\n\t\t\t        \n                                                    <div class=\"ts-grid-item-2  ts-list-post-box ts-grid-content\">\n                                                                                                            <div class=\"item grid-sm \">\n                                            \n\n\t\t    <div class=\"ts-post-thumb\">\n        <a href=\"https:\/\/thepueblatimes.mx\/index.php\/2026\/08\/21\/sigue-la-lluvia-de-amparos-en-atlixco-primero-ariadna-ahora-su-tesorero-no-quiere-pisar-la-carcel\/\">\n            <img decoding=\"async\" \n                class=\"img-fluid\" \n                src=\"https:\/\/thepueblatimes.mx\/wp-content\/uploads\/2026\/08\/sigue_la_lluvia_de_amparos_en_atlixco-primero-ariadna-_ahora-su-tesorero-noquiere-pisarl-a-carcel-455x300.jpeg\" \n                alt=\"Sigue la lluvia de amparos en Atlixco: primero Ariadna, ahora su tesorero no quiere pisar la c\u00e1rcel\">\n        <\/a>\n    <\/div>\n\t\t<div class=\"post-content\">\n\t\t    <a \n        class=\"post-cat\" \n        href=\"https:\/\/thepueblatimes.mx\/index.php\/category\/region\/atlixco\/\"\n        style=\"color:#ffffff; background-color:#d72924; border-left-color:#d72924\"\n        >\n        Atlixco    <\/a>\n\n\t\t<h3 class=\"post-title\">\n          <a href=\"https:\/\/thepueblatimes.mx\/index.php\/2026\/08\/21\/sigue-la-lluvia-de-amparos-en-atlixco-primero-ariadna-ahora-su-tesorero-no-quiere-pisar-la-carcel\/\">Sigue la lluvia de amparos en Atlixco: primero Ariadna, ahora su tesorero no quiere pisar la c\u00e1rcel<\/a>\t\t\n      <\/h3>\n\t\t<ul class=\"post-meta-info\">\n\t\t\t\t\t\t\t\t<\/ul>\n\t<\/div>                                        <\/div>\n                                                                                                                                                  <div class=\"item\">\n                                             <div class=\"post-content\">\n                                                <h4 class=\"post-title\">\n                                                      <a href=\"https:\/\/thepueblatimes.mx\/index.php\/2025\/03\/17\/la-colocacion-de-una-manta-un-mensaje-atribuido-a-un-grupo-criminal-en-atlixco-es-investigada-por-la-autoridad\/\">  La colocaci\u00f3n de una manta un mensaje, atribuido a un grupo criminal, en Atlixco es investigada por la autoridad<\/a>\n                                                <\/h4>\n                                                                                              <\/div>\n                                          <\/div>\n                                                                                                                                                  <div class=\"item\">\n                                             <div class=\"post-content\">\n                                                <h4 class=\"post-title\">\n                                                      <a href=\"https:\/\/thepueblatimes.mx\/index.php\/2025\/01\/10\/a-57-pesos-suben-la-caseta-de-atlixco-a-puebla\/\">  A 57 pesos suben la caseta de Atlixco a Puebla<\/a>\n                                                <\/h4>\n                                                                                              <\/div>\n                                          <\/div>\n                                                                                                <\/div>\n                                      \t\t<\/div>\n\t\t\t\t<\/div>\n\t\t\t\t\t<\/div>\n\t\t<\/div>\n\t\t\t\t<div class=\"elementor-column elementor-col-25 elementor-top-column elementor-element elementor-element-8e98ce7\" data-id=\"8e98ce7\" data-element_type=\"column\">\n\t\t\t<div class=\"elementor-widget-wrap elementor-element-populated\">\n\t\t\t\t\t\t\t\t<div class=\"elementor-element elementor-element-90ba324 elementor-widget elementor-widget-vinazine-post-list\" data-id=\"90ba324\" data-element_type=\"widget\" data-widget_type=\"vinazine-post-list.default\">\n\t\t\t\t<div class=\"elementor-widget-container\">\n\t\t\t        \n                                                    <div class=\"ts-grid-item-2  ts-list-post-box ts-grid-content\">\n                                                                                                            <div class=\"item grid-sm \">\n                                            \n\n\t\t    <div class=\"ts-post-thumb\">\n        <a href=\"https:\/\/thepueblatimes.mx\/index.php\/2025\/09\/10\/en-izucar-padres-de-familia-senalan-a-la-directora-del-centro-escolar-de-incompetente-y-corrupta\/\">\n            <img decoding=\"async\" \n                class=\"img-fluid\" \n                src=\"https:\/\/thepueblatimes.mx\/wp-content\/uploads\/2025\/09\/472753043_122131833746482302_6894807668940278757_n-e1757541516295.jpg\" \n                alt=\"En Iz\u00facar padres de familia se\u00f1alan a la directora del Centro Escolar de incompetente y corrupta\">\n        <\/a>\n    <\/div>\n\t\t<div class=\"post-content\">\n\t\t    <a \n        class=\"post-cat\" \n        href=\"https:\/\/thepueblatimes.mx\/index.php\/category\/region\/izucar\/\"\n        style=\"color:#ffffff; background-color:#d72924; border-left-color:#d72924\"\n        >\n        Iz\u00facar    <\/a>\n\n\t\t<h3 class=\"post-title\">\n          <a href=\"https:\/\/thepueblatimes.mx\/index.php\/2025\/09\/10\/en-izucar-padres-de-familia-senalan-a-la-directora-del-centro-escolar-de-incompetente-y-corrupta\/\">En Iz\u00facar padres de familia se\u00f1alan a la directora del Centro Escolar de incompetente y corrupta<\/a>\t\t\n      <\/h3>\n\t\t<ul class=\"post-meta-info\">\n\t\t\t\t\t\t\t\t<\/ul>\n\t<\/div>                                        <\/div>\n                                                                                                                                                  <div class=\"item\">\n                                             <div class=\"post-content\">\n                                                <h4 class=\"post-title\">\n                                                      <a href=\"https:\/\/thepueblatimes.mx\/index.php\/2025\/03\/12\/el-cobaep-atiende-denuncia-de-alumnas-del-plantel-12-izucar\/\">  El Cobaep atiende denuncia de alumnas del plantel 12, Iz\u00facar<\/a>\n                                                <\/h4>\n                                                                                              <\/div>\n                                          <\/div>\n                                                                                                                                                  <div class=\"item\">\n                                             <div class=\"post-content\">\n                                                <h4 class=\"post-title\">\n                                                      <a href=\"https:\/\/thepueblatimes.mx\/index.php\/2025\/01\/07\/en-2025-izucar-cumple-200-anos-como-ciudad\/\">  En 2025, Iz\u00facar cumple 200 a\u00f1os como ciudad<\/a>\n                                                <\/h4>\n                                                                                              <\/div>\n                                          <\/div>\n                                                                                                <\/div>\n                                      \t\t<\/div>\n\t\t\t\t<\/div>\n\t\t\t\t\t<\/div>\n\t\t<\/div>\n\t\t\t\t<div class=\"elementor-column elementor-col-25 elementor-top-column elementor-element elementor-element-68088e0\" data-id=\"68088e0\" data-element_type=\"column\">\n\t\t\t<div class=\"elementor-widget-wrap elementor-element-populated\">\n\t\t\t\t\t\t\t\t<div class=\"elementor-element elementor-element-efaaf7a elementor-widget elementor-widget-vinazine-post-list\" data-id=\"efaaf7a\" data-element_type=\"widget\" data-widget_type=\"vinazine-post-list.default\">\n\t\t\t\t<div class=\"elementor-widget-container\">\n\t\t\t        \n                                                    <div class=\"ts-grid-item-2  ts-list-post-box ts-grid-content\">\n                                                                                                            <div class=\"item grid-sm \">\n                                            \n\n\t\t    <div class=\"ts-post-thumb\">\n        <a href=\"https:\/\/thepueblatimes.mx\/index.php\/2024\/10\/21\/explosion-de-pirotecnia-en-acatlan-deja-seis-lesionados\/\">\n            <img decoding=\"async\" \n                class=\"img-fluid\" \n                src=\"https:\/\/thepueblatimes.mx\/wp-content\/uploads\/2024\/10\/PORTADA-Explosion-de-pirotecnia-deja-a-menor-gravemente-herida-y-varios-lesionados-durante-festividad-en-Acatlan-455x300.webp\" \n                alt=\"Explosi\u00f3n de pirotecnia en Acatl\u00e1n deja seis lesionados\">\n        <\/a>\n    <\/div>\n\t\t<div class=\"post-content\">\n\t\t    <a \n        class=\"post-cat\" \n        href=\"https:\/\/thepueblatimes.mx\/index.php\/category\/region\/acatlan\/\"\n        style=\"color:#ffffff; background-color:#d72924; border-left-color:#d72924\"\n        >\n        Acatl\u00e1n    <\/a>\n\n\t\t<h3 class=\"post-title\">\n          <a href=\"https:\/\/thepueblatimes.mx\/index.php\/2024\/10\/21\/explosion-de-pirotecnia-en-acatlan-deja-seis-lesionados\/\">Explosi\u00f3n de pirotecnia en Acatl\u00e1n deja seis lesionados<\/a>\t\t\n      <\/h3>\n\t\t<ul class=\"post-meta-info\">\n\t\t\t\t\t\t\t\t<\/ul>\n\t<\/div>                                        <\/div>\n                                                                                                                                                  <div class=\"item\">\n                                             <div class=\"post-content\">\n                                                <h4 class=\"post-title\">\n                                                      <a href=\"https:\/\/thepueblatimes.mx\/index.php\/2024\/10\/04\/tortillas-chinantla-en-estados-unidos\/\">  Tortillas Chinantla en Estados Unidos<\/a>\n                                                <\/h4>\n                                                                                              <\/div>\n                                          <\/div>\n                                                                                                                                                  <div class=\"item\">\n                                             <div class=\"post-content\">\n                                                <h4 class=\"post-title\">\n                                                      <a href=\"https:\/\/thepueblatimes.mx\/index.php\/2024\/03\/14\/exigen-en-acatlan-que-pedro-garcia-nunez-solicite-licencia-al-cargo-de-alcalde\/\">  Exigen en Acatl\u00e1n, que Pedro Garc\u00eda Nu\u00f1ez solicite licencia al cargo de alcalde<\/a>\n                                                <\/h4>\n                                                                                              <\/div>\n                                          <\/div>\n                                                                                                <\/div>\n                                      \t\t<\/div>\n\t\t\t\t<\/div>\n\t\t\t\t\t<\/div>\n\t\t<\/div>\n\t\t\t\t<div class=\"elementor-column elementor-col-25 elementor-top-column elementor-element elementor-element-29a8d39\" data-id=\"29a8d39\" data-element_type=\"column\">\n\t\t\t<div class=\"elementor-widget-wrap elementor-element-populated\">\n\t\t\t\t\t\t\t\t<div class=\"elementor-element elementor-element-d2ad7fd elementor-widget elementor-widget-vinazine-post-list\" data-id=\"d2ad7fd\" data-element_type=\"widget\" data-widget_type=\"vinazine-post-list.default\">\n\t\t\t\t<div class=\"elementor-widget-container\">\n\t\t\t        \n                                                    <div class=\"ts-grid-item-2  ts-list-post-box ts-grid-content\">\n                                                                                                            <div class=\"item grid-sm \">\n                                            \n\n\t\t    <div class=\"ts-post-thumb\">\n        <a href=\"https:\/\/thepueblatimes.mx\/index.php\/2026\/08\/31\/cierra-dif-puebla-capital-festejos-por-el-mes-del-adulto-mayor\/\">\n            <img decoding=\"async\" \n                class=\"img-fluid\" \n                src=\"https:\/\/thepueblatimes.mx\/wp-content\/uploads\/2026\/08\/WhatsApp-Image-2026-08-31-at-15.00.28-455x300.jpeg\" \n                alt=\"Cierra DIF Puebla Capital festejos por el Mes del Adulto Mayor\">\n        <\/a>\n    <\/div>\n\t\t<div class=\"post-content\">\n\t\t    <a \n        class=\"post-cat\" \n        href=\"https:\/\/thepueblatimes.mx\/index.php\/category\/puebla-capital\/\"\n        style=\"color:#ffffff; background-color:#d72924; border-left-color:#d72924\"\n        >\n        Puebla Capital    <\/a>\n\n\t\t<h3 class=\"post-title\">\n          <a href=\"https:\/\/thepueblatimes.mx\/index.php\/2026\/08\/31\/cierra-dif-puebla-capital-festejos-por-el-mes-del-adulto-mayor\/\">Cierra DIF Puebla Capital festejos por el Mes del Adulto Mayor<\/a>\t\t\n      <\/h3>\n\t\t<ul class=\"post-meta-info\">\n\t\t\t\t\t\t\t\t<\/ul>\n\t<\/div>                                        <\/div>\n                                                                                                                                                  <div class=\"item\">\n                                             <div class=\"post-content\">\n                                                <h4 class=\"post-title\">\n                                                      <a href=\"https:\/\/thepueblatimes.mx\/index.php\/2026\/08\/31\/brinda-gobierno-de-pepe-chedraui-capacitacion-en-ia-para-mipymes\/\">  Brinda gobierno de Pepe Chedraui capacitaci\u00f3n en IA para MiPyMes<\/a>\n                                                <\/h4>\n                                                                                              <\/div>\n                                          <\/div>\n                                                                                                                                                  <div class=\"item\">\n                                             <div class=\"post-content\">\n                                                <h4 class=\"post-title\">\n                                                      <a href=\"https:\/\/thepueblatimes.mx\/index.php\/2026\/08\/31\/gobierno-de-pepe-chedraui-entrega-el-premio-municipal-de-la-juventud-2026\/\">  Gobierno de Pepe Chedraui entrega el Premio Municipal de la Juventud 2026<\/a>\n                                                <\/h4>\n                                                                                              <\/div>\n                                          <\/div>\n                                                                                                <\/div>\n                                      \t\t<\/div>\n\t\t\t\t<\/div>\n\t\t\t\t\t<\/div>\n\t\t<\/div>\n\t\t\t\t\t\t\t<\/div>\n\t\t<\/section>\n\t\t\t\t<section class=\"elementor-section elementor-top-section elementor-element elementor-element-db6c8eb elementor-section-full_width elementor-section-height-default elementor-section-height-default\" data-id=\"db6c8eb\" data-element_type=\"section\">\n\t\t\t\t\t\t<div class=\"elementor-container elementor-column-gap-default\">\n\t\t\t\t\t<div class=\"elementor-column elementor-col-100 elementor-top-column elementor-element elementor-element-44d6451\" data-id=\"44d6451\" data-element_type=\"column\">\n\t\t\t<div class=\"elementor-widget-wrap elementor-element-populated\">\n\t\t\t\t\t\t\t\t<div class=\"elementor-element elementor-element-deaf9c8 elementor-widget elementor-widget-vinazine-more-post\" data-id=\"deaf9c8\" data-element_type=\"widget\" data-widget_type=\"vinazine-more-post.default\">\n\t\t\t\t<div class=\"elementor-widget-container\">\n\t\t\t        \n                    <div class=\"ts-grid-box ts-grid-box-heighlight\" style=\"background-color: #000000\">\n            \n      <h2 class=\"title-bg ts-title block-title-style2 \">\n      <span class=\"title-text\"> Viral<\/span>\n      <span class=\"title-after\"><\/span>\n                     <div class=\"clearfix\"><\/div>\n      \n   <\/h2>\n\n   \n                <div data-autoplay=\"yes\" class=\"owl-carousel vinazine-more-post grid-slider\">\n                                            <div class=\"item grid-sm\">\n                            <div class=\"ts-overlay-style post-31379 post type-post status-publish format-standard has-post-thumbnail hentry category-viral\">\n\t<div class=\"item\">\n\t\t<div class=\"ts-post-thumb\">\n\t\t\t\t\t\t<a href=\"https:\/\/thepueblatimes.mx\/index.php\/2025\/06\/27\/washington-crea-dos-zonas-de-defensa-nacional-en-la-frontera-militares-podran-detener-a-migrantes-sin-declarar-emergencia\/\">\n\t\t\t\t<img \n\t\t\t\t\t \n\t\t\t\t\tsrc=\"https:\/\/thepueblatimes.mx\/wp-content\/uploads\/2025\/06\/FJUIAJNDZNE73M4TWIXY2BQVFE-600x398.jpg\" \n\t\t\t\t\talt=\"Washington crea dos \u201cZonas de Defensa Nacional\u201d en la frontera: militares podr\u00e1n detener a migrantes sin declarar emergencia\">\n         \t<\/a>\n       \n\t\t<\/div>\n\t\t<div class=\"overlay-post-content\">\n\t\t\t<div class=\"post-content\">\n\t\t\t\t<h3 class=\"post-title\">\n\t\t\t\t\t<a href=\"https:\/\/thepueblatimes.mx\/index.php\/2025\/06\/27\/washington-crea-dos-zonas-de-defensa-nacional-en-la-frontera-militares-podran-detener-a-migrantes-sin-declarar-emergencia\/\">Washington crea dos \u201cZonas de Defensa Nacional\u201d en la frontera: militares podr\u00e1n detener a migrantes sin declarar emergencia<\/a>\n\t\t\t\t<\/h3>\n\t\t\t\t\t\t\t\t<ul class=\"post-meta-info\">\n\t\t\t\t\t\t\t\t\t\t               \n               \n\t\t\t\t<\/ul>\n\t\t\t<\/div>\n\t\t<\/div>\n\t<\/div>\n<\/div>                        <\/div>\n                                            <div class=\"item grid-sm\">\n                            <div class=\"ts-overlay-style post-25968 post type-post status-publish format-standard has-post-thumbnail hentry category-viral tag-catedral-poblana tag-cripta-de-los-obispos tag-tradicion tag-turismo\">\n\t<div class=\"item\">\n\t\t<div class=\"ts-post-thumb\">\n\t\t\t\t\t\t<a href=\"https:\/\/thepueblatimes.mx\/index.php\/2024\/11\/04\/abrieron-la-cripta-de-los-obispos-en-la-catedral-poblana\/\">\n\t\t\t\t<img \n\t\t\t\t\t \n\t\t\t\t\tsrc=\"https:\/\/thepueblatimes.mx\/wp-content\/uploads\/2024\/11\/cripta-de-los-obispos-200008-1021x580-1-600x398.jpg\" \n\t\t\t\t\talt=\"Abrieron la Cripta de los Obispos en la Catedral Poblana\">\n         \t<\/a>\n       \n\t\t<\/div>\n\t\t<div class=\"overlay-post-content\">\n\t\t\t<div class=\"post-content\">\n\t\t\t\t<h3 class=\"post-title\">\n\t\t\t\t\t<a href=\"https:\/\/thepueblatimes.mx\/index.php\/2024\/11\/04\/abrieron-la-cripta-de-los-obispos-en-la-catedral-poblana\/\">Abrieron la Cripta de los Obispos en la Catedral Poblana<\/a>\n\t\t\t\t<\/h3>\n\t\t\t\t\t\t\t\t<ul class=\"post-meta-info\">\n\t\t\t\t\t\t\t\t\t\t               \n               \n\t\t\t\t<\/ul>\n\t\t\t<\/div>\n\t\t<\/div>\n\t<\/div>\n<\/div>                        <\/div>\n                                            <div class=\"item grid-sm\">\n                            <div class=\"ts-overlay-style post-25306 post type-post status-publish format-standard has-post-thumbnail hentry category-viral tag-autodromo-miguel-abed tag-exposicion-de-autos tag-nascar-mexico\">\n\t<div class=\"item\">\n\t\t<div class=\"ts-post-thumb\">\n\t\t\t\t\t\t<a href=\"https:\/\/thepueblatimes.mx\/index.php\/2024\/10\/09\/penultima-fecha-de-nascar-mexico-en-puebla-el-13-de-octubre\/\">\n\t\t\t\t<img \n\t\t\t\t\t \n\t\t\t\t\tsrc=\"https:\/\/thepueblatimes.mx\/wp-content\/uploads\/2024\/10\/lh3up6lt192708f342qyvejjqrt0-600x398.jpg\" \n\t\t\t\t\talt=\"Pen\u00faltima fecha de Nascar M\u00e9xico en Puebla, el 13 de octubre\">\n         \t<\/a>\n       \n\t\t<\/div>\n\t\t<div class=\"overlay-post-content\">\n\t\t\t<div class=\"post-content\">\n\t\t\t\t<h3 class=\"post-title\">\n\t\t\t\t\t<a href=\"https:\/\/thepueblatimes.mx\/index.php\/2024\/10\/09\/penultima-fecha-de-nascar-mexico-en-puebla-el-13-de-octubre\/\">Pen\u00faltima fecha de Nascar M\u00e9xico en Puebla, el 13 de octubre<\/a>\n\t\t\t\t<\/h3>\n\t\t\t\t\t\t\t\t<ul class=\"post-meta-info\">\n\t\t\t\t\t\t\t\t\t\t               \n               \n\t\t\t\t<\/ul>\n\t\t\t<\/div>\n\t\t<\/div>\n\t<\/div>\n<\/div>                        <\/div>\n                                            <div class=\"item grid-sm\">\n                            <div class=\"ts-overlay-style post-24830 post type-post status-publish format-standard has-post-thumbnail hentry category-viral tag-flores-amarillas tag-obsequios\">\n\t<div class=\"item\">\n\t\t<div class=\"ts-post-thumb\">\n\t\t\t\t\t\t<a href=\"https:\/\/thepueblatimes.mx\/index.php\/2024\/09\/20\/por-esta-razon-se-regalan-flores-amarillas-el-21-de-septiembre\/\">\n\t\t\t\t<img \n\t\t\t\t\t \n\t\t\t\t\tsrc=\"https:\/\/thepueblatimes.mx\/wp-content\/uploads\/2024\/09\/descarga-22-600x398.jpg\" \n\t\t\t\t\talt=\"Por esta raz\u00f3n se regalan flores amarillas el 21 de septiembre\">\n         \t<\/a>\n       \n\t\t<\/div>\n\t\t<div class=\"overlay-post-content\">\n\t\t\t<div class=\"post-content\">\n\t\t\t\t<h3 class=\"post-title\">\n\t\t\t\t\t<a href=\"https:\/\/thepueblatimes.mx\/index.php\/2024\/09\/20\/por-esta-razon-se-regalan-flores-amarillas-el-21-de-septiembre\/\">Por esta raz\u00f3n se regalan flores amarillas el 21 de septiembre<\/a>\n\t\t\t\t<\/h3>\n\t\t\t\t\t\t\t\t<ul class=\"post-meta-info\">\n\t\t\t\t\t\t\t\t\t\t               \n               \n\t\t\t\t<\/ul>\n\t\t\t<\/div>\n\t\t<\/div>\n\t<\/div>\n<\/div>                        <\/div>\n                                            <div class=\"item grid-sm\">\n                            <div class=\"ts-overlay-style post-24691 post type-post status-publish format-standard has-post-thumbnail hentry category-viral tag-eclipse-lunar tag-luna-de-sangre\">\n\t<div class=\"item\">\n\t\t<div class=\"ts-post-thumb\">\n\t\t\t\t\t\t<a href=\"https:\/\/thepueblatimes.mx\/index.php\/2024\/09\/17\/eclipse-lunar-17-y-18-de-septiembre-de-2024\/\">\n\t\t\t\t<img \n\t\t\t\t\t \n\t\t\t\t\tsrc=\"https:\/\/thepueblatimes.mx\/wp-content\/uploads\/2024\/09\/tipos-eclipse-large-800x400-1-600x398.jpg\" \n\t\t\t\t\talt=\"Eclipse lunar 17 y 18 de septiembre de 2024\">\n         \t<\/a>\n       \n\t\t<\/div>\n\t\t<div class=\"overlay-post-content\">\n\t\t\t<div class=\"post-content\">\n\t\t\t\t<h3 class=\"post-title\">\n\t\t\t\t\t<a href=\"https:\/\/thepueblatimes.mx\/index.php\/2024\/09\/17\/eclipse-lunar-17-y-18-de-septiembre-de-2024\/\">Eclipse lunar 17 y 18 de septiembre de 2024<\/a>\n\t\t\t\t<\/h3>\n\t\t\t\t\t\t\t\t<ul class=\"post-meta-info\">\n\t\t\t\t\t\t\t\t\t\t               \n               \n\t\t\t\t<\/ul>\n\t\t\t<\/div>\n\t\t<\/div>\n\t<\/div>\n<\/div>                        <\/div>\n                                            <div class=\"item grid-sm\">\n                            <div class=\"ts-overlay-style post-23230 post type-post status-publish format-standard has-post-thumbnail hentry category-viral tag-nueva-york tag-piton\">\n\t<div class=\"item\">\n\t\t<div class=\"ts-post-thumb\">\n\t\t\t\t\t\t<a href=\"https:\/\/thepueblatimes.mx\/index.php\/2024\/06\/07\/encuentran-piton-de-cinco-pies-debajo-de-un-fregadero-en-un-apartamento-del-upper-west-side\/\">\n\t\t\t\t<img \n\t\t\t\t\t \n\t\t\t\t\tsrc=\"https:\/\/thepueblatimes.mx\/wp-content\/uploads\/2024\/06\/GPVwqzfXIAAQQnR-600x398.jpeg\" \n\t\t\t\t\talt=\"Encuentran pit\u00f3n de cinco pies debajo de un fregadero en un apartamento del Upper West Side\">\n         \t<\/a>\n       \n\t\t<\/div>\n\t\t<div class=\"overlay-post-content\">\n\t\t\t<div class=\"post-content\">\n\t\t\t\t<h3 class=\"post-title\">\n\t\t\t\t\t<a href=\"https:\/\/thepueblatimes.mx\/index.php\/2024\/06\/07\/encuentran-piton-de-cinco-pies-debajo-de-un-fregadero-en-un-apartamento-del-upper-west-side\/\">Encuentran pit\u00f3n de cinco pies debajo de un fregadero en un apartamento del Upper West Side<\/a>\n\t\t\t\t<\/h3>\n\t\t\t\t\t\t\t\t<ul class=\"post-meta-info\">\n\t\t\t\t\t\t\t\t\t\t               \n               \n\t\t\t\t<\/ul>\n\t\t\t<\/div>\n\t\t<\/div>\n\t<\/div>\n<\/div>                        <\/div>\n                                            <div class=\"item grid-sm\">\n                            <div class=\"ts-overlay-style post-23147 post type-post status-publish format-standard has-post-thumbnail hentry category-estados-unidos category-viral tag-estados-unidos tag-fosil tag-t-rex\">\n\t<div class=\"item\">\n\t\t<div class=\"ts-post-thumb\">\n\t\t\t\t\t\t<a href=\"https:\/\/thepueblatimes.mx\/index.php\/2024\/06\/06\/tres-ninos-descubren-fosil-de-t-rex-adolescente-esto-puede-responder-preguntas-claves-sobre-este-dinosaurio\/\">\n\t\t\t\t<img \n\t\t\t\t\t \n\t\t\t\t\tsrc=\"https:\/\/thepueblatimes.mx\/wp-content\/uploads\/2024\/06\/download-1-600x398.jpeg\" \n\t\t\t\t\talt=\"Tres ni\u00f1os descubren f\u00f3sil de T-Rex adolescente; esto puede responder preguntas claves sobre este dinosaurio\">\n         \t<\/a>\n       \n\t\t<\/div>\n\t\t<div class=\"overlay-post-content\">\n\t\t\t<div class=\"post-content\">\n\t\t\t\t<h3 class=\"post-title\">\n\t\t\t\t\t<a href=\"https:\/\/thepueblatimes.mx\/index.php\/2024\/06\/06\/tres-ninos-descubren-fosil-de-t-rex-adolescente-esto-puede-responder-preguntas-claves-sobre-este-dinosaurio\/\">Tres ni\u00f1os descubren f\u00f3sil de T-Rex adolescente; esto puede responder preguntas claves sobre este dinosaurio<\/a>\n\t\t\t\t<\/h3>\n\t\t\t\t\t\t\t\t<ul class=\"post-meta-info\">\n\t\t\t\t\t\t\t\t\t\t               \n               \n\t\t\t\t<\/ul>\n\t\t\t<\/div>\n\t\t<\/div>\n\t<\/div>\n<\/div>                        <\/div>\n                                            <div class=\"item grid-sm\">\n                            <div class=\"ts-overlay-style post-23140 post type-post status-publish format-standard has-post-thumbnail hentry category-viral tag-perrito tag-pozo tag-puebla tag-rescate\">\n\t<div class=\"item\">\n\t\t<div class=\"ts-post-thumb\">\n\t\t\t\t\t\t<a href=\"https:\/\/thepueblatimes.mx\/index.php\/2024\/06\/06\/heroes-sin-capa-elementos-de-pc-salvan-a-perrito-que-cayo-a-pozo-de-20-metros-en-puebla\/\">\n\t\t\t\t<img \n\t\t\t\t\t \n\t\t\t\t\tsrc=\"https:\/\/thepueblatimes.mx\/wp-content\/uploads\/2024\/06\/puebla-elementos-de-pc-salvan-a-perrito-que-cayo-a-pozo-104938-600x398.jpg\" \n\t\t\t\t\talt=\"\u00a1H\u00e9roes sin capa! Elementos de PC salvan a perrito que cay\u00f3 a pozo de 20 metros en Puebla\">\n         \t<\/a>\n       \n\t\t<\/div>\n\t\t<div class=\"overlay-post-content\">\n\t\t\t<div class=\"post-content\">\n\t\t\t\t<h3 class=\"post-title\">\n\t\t\t\t\t<a href=\"https:\/\/thepueblatimes.mx\/index.php\/2024\/06\/06\/heroes-sin-capa-elementos-de-pc-salvan-a-perrito-que-cayo-a-pozo-de-20-metros-en-puebla\/\">\u00a1H\u00e9roes sin capa! Elementos de PC salvan a perrito que cay\u00f3 a pozo de 20 metros en Puebla<\/a>\n\t\t\t\t<\/h3>\n\t\t\t\t\t\t\t\t<ul class=\"post-meta-info\">\n\t\t\t\t\t\t\t\t\t\t               \n               \n\t\t\t\t<\/ul>\n\t\t\t<\/div>\n\t\t<\/div>\n\t<\/div>\n<\/div>                        <\/div>\n                                    <\/div>\n            <\/div>\n        \n      \t\t<\/div>\n\t\t\t\t<\/div>\n\t\t\t\t\t<\/div>\n\t\t<\/div>\n\t\t\t\t\t\t\t<\/div>\n\t\t<\/section>\n\t\t\t\t<section class=\"elementor-section elementor-top-section elementor-element elementor-element-30c757b elementor-section-boxed elementor-section-height-default elementor-section-height-default\" data-id=\"30c757b\" data-element_type=\"section\">\n\t\t\t\t\t\t<div class=\"elementor-container elementor-column-gap-default\">\n\t\t\t\t\t<div class=\"elementor-column elementor-col-50 elementor-top-column elementor-element elementor-element-532ed5e\" data-id=\"532ed5e\" data-element_type=\"column\">\n\t\t\t<div class=\"elementor-widget-wrap elementor-element-populated\">\n\t\t\t\t\t\t\t\t<div class=\"elementor-element elementor-element-bab1807 elementor-widget elementor-widget-wp-widget-mc4wp_form_widget\" data-id=\"bab1807\" data-element_type=\"widget\" data-widget_type=\"wp-widget-mc4wp_form_widget.default\">\n\t\t\t\t<div class=\"elementor-widget-container\">\n\t\t\t<h5>Bolet\u00edn<\/h5><script>(function() {\n\twindow.mc4wp = window.mc4wp || {\n\t\tlisteners: [],\n\t\tforms: {\n\t\t\ton: function(evt, cb) {\n\t\t\t\twindow.mc4wp.listeners.push(\n\t\t\t\t\t{\n\t\t\t\t\t\tevent   : evt,\n\t\t\t\t\t\tcallback: cb\n\t\t\t\t\t}\n\t\t\t\t);\n\t\t\t}\n\t\t}\n\t}\n})();\n<\/script><!-- Mailchimp for WordPress v4.8.7 - https:\/\/wordpress.org\/plugins\/mailchimp-for-wp\/ --><form id=\"mc4wp-form-1\" class=\"mc4wp-form mc4wp-form-17159 mc4wp-form-theme mc4wp-form-theme-dark\" method=\"post\" data-id=\"17159\" data-name=\"SuscripcionPuebla\" ><div class=\"mc4wp-form-fields\"><p>\r\n\t<label>Direcci\u00f3n de correo electr\u00f3nico: \r\n\t\t<input type=\"email\" name=\"EMAIL\" placeholder=\"Tu direcci\u00f3n de correo electr\u00f3nico\" required \/>\r\n<\/label>\r\n<\/p>\r\n\r\n<p>\r\n\t<input type=\"submit\" value=\"Registro\" \/>\r\n<\/p><\/div><label style=\"display: none !important;\">Deja vac\u00edo este campo si eres humano: <input type=\"text\" name=\"_mc4wp_honeypot\" value=\"\" tabindex=\"-1\" autocomplete=\"off\" \/><\/label><input type=\"hidden\" name=\"_mc4wp_timestamp\" value=\"1788324110\" \/><input type=\"hidden\" name=\"_mc4wp_form_id\" value=\"17159\" \/><input type=\"hidden\" name=\"_mc4wp_form_element_id\" value=\"mc4wp-form-1\" \/><div class=\"mc4wp-response\"><\/div><\/form><!-- \/ Mailchimp for WordPress Plugin -->\t\t<\/div>\n\t\t\t\t<\/div>\n\t\t\t\t\t<\/div>\n\t\t<\/div>\n\t\t\t\t<div class=\"elementor-column elementor-col-50 elementor-top-column elementor-element elementor-element-d1bc9b6\" data-id=\"d1bc9b6\" data-element_type=\"column\">\n\t\t\t<div class=\"elementor-widget-wrap elementor-element-populated\">\n\t\t\t\t\t\t\t\t<div class=\"elementor-element elementor-element-6a23ee5 elementor-widget elementor-widget-heading\" data-id=\"6a23ee5\" data-element_type=\"widget\" data-widget_type=\"heading.default\">\n\t\t\t\t<div class=\"elementor-widget-container\">\n\t\t\t<h2 class=\"elementor-heading-title elementor-size-default\">S\u00edguenos en nuestras redes sociales:<\/h2>\t\t<\/div>\n\t\t\t\t<\/div>\n\t\t\t\t<div class=\"elementor-element elementor-element-0387d6d elementor-shape-rounded elementor-grid-0 e-grid-align-center elementor-widget elementor-widget-social-icons\" data-id=\"0387d6d\" data-element_type=\"widget\" data-widget_type=\"social-icons.default\">\n\t\t\t\t<div class=\"elementor-widget-container\">\n\t\t\t\t\t<div class=\"elementor-social-icons-wrapper elementor-grid\">\n\t\t\t\t\t\t\t<div class=\"elementor-grid-item\">\n\t\t\t\t\t<a class=\"elementor-icon elementor-social-icon elementor-social-icon-facebook elementor-repeater-item-6c9c49a\" target=\"_blank\">\n\t\t\t\t\t\t<span class=\"elementor-screen-only\">Facebook<\/span>\n\t\t\t\t\t\t<i class=\"fab fa-facebook\"><\/i>\t\t\t\t\t<\/a>\n\t\t\t\t<\/div>\n\t\t\t\t\t\t\t<div class=\"elementor-grid-item\">\n\t\t\t\t\t<a class=\"elementor-icon elementor-social-icon elementor-social-icon-twitter elementor-repeater-item-eba5210\" target=\"_blank\">\n\t\t\t\t\t\t<span class=\"elementor-screen-only\">Twitter<\/span>\n\t\t\t\t\t\t<i class=\"fab fa-twitter\"><\/i>\t\t\t\t\t<\/a>\n\t\t\t\t<\/div>\n\t\t\t\t\t\t\t<div class=\"elementor-grid-item\">\n\t\t\t\t\t<a class=\"elementor-icon elementor-social-icon elementor-social-icon-youtube elementor-repeater-item-a539444\" target=\"_blank\">\n\t\t\t\t\t\t<span class=\"elementor-screen-only\">Youtube<\/span>\n\t\t\t\t\t\t<i class=\"fab fa-youtube\"><\/i>\t\t\t\t\t<\/a>\n\t\t\t\t<\/div>\n\t\t\t\t\t<\/div>\n\t\t\t\t<\/div>\n\t\t\t\t<\/div>\n\t\t\t\t\t<\/div>\n\t\t<\/div>\n\t\t\t\t\t\t\t<\/div>\n\t\t<\/section>\n\t\t\t\t\t\t<\/div>\n\t\t\t\t\t<\/div>\n\t\t","protected":false},"excerpt":{"rendered":"<p>EL CLIMA: Weather Data Source: El tiempo 30 d\u00edas Puebla de Zaragoza TIPO DE CAMBIO: M\u00e1s recientes M\u00e1s vistos Inf\u00f3rmate Grace Palomares amaga con impugnar sanci\u00f3n de Morena Seguridad SSP investiga presencia del C\u00e1rtel de Sinaloa en Puebla Seguridad Abandonan dos cad\u00e1veres de mujeres en barranca de Tenampulco Seguridad Balean y golpean a menor para&#8230;<\/p>\n","protected":false},"author":2,"featured_media":0,"parent":0,"menu_order":0,"comment_status":"closed","ping_status":"closed","template":"elementor_header_footer","meta":[],"yoast_head":"<!-- This site is optimized with the Yoast SEO plugin v20.8 - https:\/\/yoast.com\/wordpress\/plugins\/seo\/ -->\n<title>Noticias - The Puebla Times<\/title>\n<meta name=\"robots\" content=\"index, follow, max-snippet:-1, max-image-preview:large, max-video-preview:-1\" \/>\n<link rel=\"canonical\" href=\"https:\/\/thepueblatimes.mx\/\" \/>\n<meta property=\"og:locale\" content=\"es_ES\" \/>\n<meta property=\"og:type\" content=\"article\" \/>\n<meta property=\"og:title\" content=\"Noticias - The Puebla Times\" \/>\n<meta property=\"og:description\" content=\"EL CLIMA: Weather Data Source: El tiempo 30 d\u00edas Puebla de Zaragoza TIPO DE CAMBIO: M\u00e1s recientes M\u00e1s vistos Inf\u00f3rmate Grace Palomares amaga con impugnar sanci\u00f3n de Morena Seguridad SSP investiga presencia del C\u00e1rtel de Sinaloa en Puebla Seguridad Abandonan dos cad\u00e1veres de mujeres en barranca de Tenampulco Seguridad Balean y golpean a menor para...\" \/>\n<meta property=\"og:url\" content=\"https:\/\/thepueblatimes.mx\/\" \/>\n<meta property=\"og:site_name\" content=\"The Puebla Times\" \/>\n<meta property=\"article:modified_time\" content=\"2026-09-02T01:40:27+00:00\" \/>\n<meta property=\"og:image\" content=\"https:\/\/thepueblatimes.mx\/wp-content\/uploads\/2026\/09\/grace-palomares-afirma-acatara-sancion-455x300.jpg\" \/>\n<meta name=\"twitter:card\" content=\"summary_large_image\" \/>\n<meta name=\"twitter:label1\" content=\"Tiempo de lectura\" \/>\n\t<meta name=\"twitter:data1\" content=\"17 minutos\" \/>\n<script type=\"application\/ld+json\" class=\"yoast-schema-graph\">{\"@context\":\"https:\/\/schema.org\",\"@graph\":[{\"@type\":\"WebPage\",\"@id\":\"https:\/\/thepueblatimes.mx\/\",\"url\":\"https:\/\/thepueblatimes.mx\/\",\"name\":\"Noticias - The Puebla Times\",\"isPartOf\":{\"@id\":\"https:\/\/thepueblatimes.mx\/#website\"},\"datePublished\":\"2023-01-05T04:17:35+00:00\",\"dateModified\":\"2026-09-02T01:40:27+00:00\",\"breadcrumb\":{\"@id\":\"https:\/\/thepueblatimes.mx\/#breadcrumb\"},\"inLanguage\":\"es\",\"potentialAction\":[{\"@type\":\"ReadAction\",\"target\":[\"https:\/\/thepueblatimes.mx\/\"]}]},{\"@type\":\"BreadcrumbList\",\"@id\":\"https:\/\/thepueblatimes.mx\/#breadcrumb\",\"itemListElement\":[{\"@type\":\"ListItem\",\"position\":1,\"name\":\"Portada\",\"item\":\"https:\/\/thepueblatimes.mx\/\"},{\"@type\":\"ListItem\",\"position\":2,\"name\":\"Noticias\"}]},{\"@type\":\"WebSite\",\"@id\":\"https:\/\/thepueblatimes.mx\/#website\",\"url\":\"https:\/\/thepueblatimes.mx\/\",\"name\":\"The Puebla Times\",\"description\":\"Noticias del Estado de Puebla\",\"potentialAction\":[{\"@type\":\"SearchAction\",\"target\":{\"@type\":\"EntryPoint\",\"urlTemplate\":\"https:\/\/thepueblatimes.mx\/?s={search_term_string}\"},\"query-input\":\"required name=search_term_string\"}],\"inLanguage\":\"es\"}]}<\/script>\n<!-- \/ Yoast SEO plugin. -->","yoast_head_json":{"title":"Noticias - The Puebla Times","robots":{"index":"index","follow":"follow","max-snippet":"max-snippet:-1","max-image-preview":"max-image-preview:large","max-video-preview":"max-video-preview:-1"},"canonical":"https:\/\/thepueblatimes.mx\/","og_locale":"es_ES","og_type":"article","og_title":"Noticias - The Puebla Times","og_description":"EL CLIMA: Weather Data Source: El tiempo 30 d\u00edas Puebla de Zaragoza TIPO DE CAMBIO: M\u00e1s recientes M\u00e1s vistos Inf\u00f3rmate Grace Palomares amaga con impugnar sanci\u00f3n de Morena Seguridad SSP investiga presencia del C\u00e1rtel de Sinaloa en Puebla Seguridad Abandonan dos cad\u00e1veres de mujeres en barranca de Tenampulco Seguridad Balean y golpean a menor para...","og_url":"https:\/\/thepueblatimes.mx\/","og_site_name":"The Puebla Times","article_modified_time":"2026-09-02T01:40:27+00:00","og_image":[{"url":"https:\/\/thepueblatimes.mx\/wp-content\/uploads\/2026\/09\/grace-palomares-afirma-acatara-sancion-455x300.jpg"}],"twitter_card":"summary_large_image","twitter_misc":{"Tiempo de lectura":"17 minutos"},"schema":{"@context":"https:\/\/schema.org","@graph":[{"@type":"WebPage","@id":"https:\/\/thepueblatimes.mx\/","url":"https:\/\/thepueblatimes.mx\/","name":"Noticias - The Puebla Times","isPartOf":{"@id":"https:\/\/thepueblatimes.mx\/#website"},"datePublished":"2023-01-05T04:17:35+00:00","dateModified":"2026-09-02T01:40:27+00:00","breadcrumb":{"@id":"https:\/\/thepueblatimes.mx\/#breadcrumb"},"inLanguage":"es","potentialAction":[{"@type":"ReadAction","target":["https:\/\/thepueblatimes.mx\/"]}]},{"@type":"BreadcrumbList","@id":"https:\/\/thepueblatimes.mx\/#breadcrumb","itemListElement":[{"@type":"ListItem","position":1,"name":"Portada","item":"https:\/\/thepueblatimes.mx\/"},{"@type":"ListItem","position":2,"name":"Noticias"}]},{"@type":"WebSite","@id":"https:\/\/thepueblatimes.mx\/#website","url":"https:\/\/thepueblatimes.mx\/","name":"The Puebla Times","description":"Noticias del Estado de Puebla","potentialAction":[{"@type":"SearchAction","target":{"@type":"EntryPoint","urlTemplate":"https:\/\/thepueblatimes.mx\/?s={search_term_string}"},"query-input":"required name=search_term_string"}],"inLanguage":"es"}]}},"_links":{"self":[{"href":"https:\/\/thepueblatimes.mx\/index.php\/wp-json\/wp\/v2\/pages\/17104"}],"collection":[{"href":"https:\/\/thepueblatimes.mx\/index.php\/wp-json\/wp\/v2\/pages"}],"about":[{"href":"https:\/\/thepueblatimes.mx\/index.php\/wp-json\/wp\/v2\/types\/page"}],"author":[{"embeddable":true,"href":"https:\/\/thepueblatimes.mx\/index.php\/wp-json\/wp\/v2\/users\/2"}],"replies":[{"embeddable":true,"href":"https:\/\/thepueblatimes.mx\/index.php\/wp-json\/wp\/v2\/comments?post=17104"}],"version-history":[{"count":1070,"href":"https:\/\/thepueblatimes.mx\/index.php\/wp-json\/wp\/v2\/pages\/17104\/revisions"}],"predecessor-version":[{"id":39969,"href":"https:\/\/thepueblatimes.mx\/index.php\/wp-json\/wp\/v2\/pages\/17104\/revisions\/39969"}],"wp:attachment":[{"href":"https:\/\/thepueblatimes.mx\/index.php\/wp-json\/wp\/v2\/media?parent=17104"}],"curies":[{"name":"wp","href":"https:\/\/api.w.org\/{rel}","templated":true}]}}