{"version":"1.0","provider_name":"The Puebla Times","provider_url":"https:\/\/thepueblatimes.mx","author_name":"Sa\u00fal Hern\u00e1ndez","author_url":"https:\/\/thepueblatimes.mx\/index.php\/author\/saulhernandez\/","title":"La opacidad de Omar Mu\u00f1oz en Cuautlancingo - The Puebla Times","type":"rich","width":600,"height":338,"html":"<blockquote class=\"wp-embedded-content\" data-secret=\"sFpOIKeQsW\"><a href=\"https:\/\/thepueblatimes.mx\/index.php\/2025\/02\/10\/la-opacidad-de-omar-munoz-en-cuautlancingo\/\">La opacidad de Omar Mu\u00f1oz en Cuautlancingo<\/a><\/blockquote><iframe sandbox=\"allow-scripts\" security=\"restricted\" src=\"https:\/\/thepueblatimes.mx\/index.php\/2025\/02\/10\/la-opacidad-de-omar-munoz-en-cuautlancingo\/embed\/#?secret=sFpOIKeQsW\" width=\"600\" height=\"338\" title=\"\u00abLa opacidad de Omar Mu\u00f1oz en Cuautlancingo\u00bb \u2014 The Puebla Times\" data-secret=\"sFpOIKeQsW\" frameborder=\"0\" marginwidth=\"0\" marginheight=\"0\" scrolling=\"no\" class=\"wp-embedded-content\"><\/iframe><script type=\"text\/javascript\">\n\/*! This file is auto-generated *\/\n!function(c,d){\"use strict\";var e=!1,o=!1;if(d.querySelector)if(c.addEventListener)e=!0;if(c.wp=c.wp||{},c.wp.receiveEmbedMessage);else if(c.wp.receiveEmbedMessage=function(e){var t=e.data;if(!t);else if(!(t.secret||t.message||t.value));else if(\/[^a-zA-Z0-9]\/.test(t.secret));else{for(var r,s,a,i=d.querySelectorAll('iframe[data-secret=\"'+t.secret+'\"]'),n=d.querySelectorAll('blockquote[data-secret=\"'+t.secret+'\"]'),o=new RegExp(\"^https?:$\",\"i\"),l=0;l<n.length;l++)n[l].style.display=\"none\";for(l=0;l<i.length;l++)if(r=i[l],e.source!==r.contentWindow);else{if(r.removeAttribute(\"style\"),\"height\"===t.message){if(1e3<(s=parseInt(t.value,10)))s=1e3;else if(~~s<200)s=200;r.height=s}if(\"link\"===t.message)if(s=d.createElement(\"a\"),a=d.createElement(\"a\"),s.href=r.getAttribute(\"src\"),a.href=t.value,!o.test(a.protocol));else if(a.host===s.host)if(d.activeElement===r)c.top.location.href=t.value}}},e)c.addEventListener(\"message\",c.wp.receiveEmbedMessage,!1),d.addEventListener(\"DOMContentLoaded\",t,!1),c.addEventListener(\"load\",t,!1);function t(){if(o);else{o=!0;for(var e,t,r,s=-1!==navigator.appVersion.indexOf(\"MSIE 10\"),a=!!navigator.userAgent.match(\/Trident.*rv:11\\.\/),i=d.querySelectorAll(\"iframe.wp-embedded-content\"),n=0;n<i.length;n++){if(!(r=(t=i[n]).getAttribute(\"data-secret\")))r=Math.random().toString(36).substr(2,10),t.src+=\"#?secret=\"+r,t.setAttribute(\"data-secret\",r);if(s||a)(e=t.cloneNode(!0)).removeAttribute(\"security\"),t.parentNode.replaceChild(e,t);t.contentWindow.postMessage({message:\"ready\",secret:r},\"*\")}}}}(window,document);\n<\/script>\n","thumbnail_url":"https:\/\/thepueblatimes.mx\/wp-content\/uploads\/2025\/02\/Omar-Munoz-da-banderazo-de-inicio-a-importante-acceso-al-municipio-sobre-Periferico-Ecologico.webp","thumbnail_width":1032,"thumbnail_height":654,"description":"POR FRED ESTRADA La transparencia, en definitiva, no es una de las fortalezas del presidente municipal de Cuautlancingo, Omar Mu\u00f1oz. De entrada, Omar Mu\u00f1oz se encuentra entre los funcionarios que se abstuvieron de compartir la informaci\u00f3n sobre sus bienes muebles e inmuebles, sueldo, experiencia previa y participaci\u00f3n en empresas, por considerar que era una informaci\u00f3n..."}