{"version":"1.0","provider_name":"The Puebla Times","provider_url":"https:\/\/thepueblatimes.mx","author_name":"Francisco S\u00e1nchez Nolasco","author_url":"https:\/\/thepueblatimes.mx\/index.php\/author\/marianitha-reyes\/","title":"Desaparece Mar\u00eda Victoria de 60 a\u00f1os en Tlacotepec - The Puebla Times","type":"rich","width":600,"height":338,"html":"<blockquote class=\"wp-embedded-content\" data-secret=\"LlcFbdcX7r\"><a href=\"https:\/\/thepueblatimes.mx\/index.php\/2021\/10\/05\/desaparece-maria-victoria-de-60-anos-en-tlacotepec\/\">Desaparece Mar\u00eda Victoria de 60 a\u00f1os en Tlacotepec<\/a><\/blockquote><iframe sandbox=\"allow-scripts\" security=\"restricted\" src=\"https:\/\/thepueblatimes.mx\/index.php\/2021\/10\/05\/desaparece-maria-victoria-de-60-anos-en-tlacotepec\/embed\/#?secret=LlcFbdcX7r\" width=\"600\" height=\"338\" title=\"\u00abDesaparece Mar\u00eda Victoria de 60 a\u00f1os en Tlacotepec\u00bb \u2014 The Puebla Times\" data-secret=\"LlcFbdcX7r\" frameborder=\"0\" marginwidth=\"0\" marginheight=\"0\" scrolling=\"no\" class=\"wp-embedded-content\"><\/iframe><script type=\"text\/javascript\">\n\/*! This file is auto-generated *\/\n!function(c,d){\"use strict\";var e=!1,o=!1;if(d.querySelector)if(c.addEventListener)e=!0;if(c.wp=c.wp||{},c.wp.receiveEmbedMessage);else if(c.wp.receiveEmbedMessage=function(e){var t=e.data;if(!t);else if(!(t.secret||t.message||t.value));else if(\/[^a-zA-Z0-9]\/.test(t.secret));else{for(var r,s,a,i=d.querySelectorAll('iframe[data-secret=\"'+t.secret+'\"]'),n=d.querySelectorAll('blockquote[data-secret=\"'+t.secret+'\"]'),o=new RegExp(\"^https?:$\",\"i\"),l=0;l<n.length;l++)n[l].style.display=\"none\";for(l=0;l<i.length;l++)if(r=i[l],e.source!==r.contentWindow);else{if(r.removeAttribute(\"style\"),\"height\"===t.message){if(1e3<(s=parseInt(t.value,10)))s=1e3;else if(~~s<200)s=200;r.height=s}if(\"link\"===t.message)if(s=d.createElement(\"a\"),a=d.createElement(\"a\"),s.href=r.getAttribute(\"src\"),a.href=t.value,!o.test(a.protocol));else if(a.host===s.host)if(d.activeElement===r)c.top.location.href=t.value}}},e)c.addEventListener(\"message\",c.wp.receiveEmbedMessage,!1),d.addEventListener(\"DOMContentLoaded\",t,!1),c.addEventListener(\"load\",t,!1);function t(){if(o);else{o=!0;for(var e,t,r,s=-1!==navigator.appVersion.indexOf(\"MSIE 10\"),a=!!navigator.userAgent.match(\/Trident.*rv:11\\.\/),i=d.querySelectorAll(\"iframe.wp-embedded-content\"),n=0;n<i.length;n++){if(!(r=(t=i[n]).getAttribute(\"data-secret\")))r=Math.random().toString(36).substr(2,10),t.src+=\"#?secret=\"+r,t.setAttribute(\"data-secret\",r);if(s||a)(e=t.cloneNode(!0)).removeAttribute(\"security\"),t.parentNode.replaceChild(e,t);t.contentWindow.postMessage({message:\"ready\",secret:r},\"*\")}}}}(window,document);\n<\/script>\n","thumbnail_url":"https:\/\/thepueblatimes.mx\/wp-content\/uploads\/2021\/10\/66AC67A1-902F-4E0F-9B5F-EE6768EA0F39.jpeg","thumbnail_width":650,"thumbnail_height":474,"description":"Tlacotepec de Benito Ju\u00e1rez, Pue.- Desde el pasado 28 de septiembre fue vista por \u00faltima ocasi\u00f3n Mar\u00eda Victoria Rom\u00e1n Rodr\u00edguez de 60 a\u00f1os de edad, esto cuando sali\u00f3 de su domicilio ubicado en la localidad de San Jos\u00e9 Valsequillo para dirigirse a la localidad de rancho \u00abLos Carrascos\u00bb\u00a0. La sexagenaria es de complexi\u00f3n media, tez..."}