{"version":"1.0","provider_name":"The Puebla Times","provider_url":"https:\/\/thepueblatimes.mx","author_name":"Francisco S\u00e1nchez Nolasco","author_url":"https:\/\/thepueblatimes.mx\/index.php\/author\/marianitha-reyes\/","title":"Viol\u00f3 a su hija adolescente en Tehuac\u00e1n - The Puebla Times","type":"rich","width":600,"height":338,"html":"<blockquote class=\"wp-embedded-content\" data-secret=\"ioZvr2eAcJ\"><a href=\"https:\/\/thepueblatimes.mx\/index.php\/2021\/03\/30\/violo-a-su-hija-adolescente-en-tehuacan\/\">Viol\u00f3 a su hija adolescente en Tehuac\u00e1n<\/a><\/blockquote><iframe sandbox=\"allow-scripts\" security=\"restricted\" src=\"https:\/\/thepueblatimes.mx\/index.php\/2021\/03\/30\/violo-a-su-hija-adolescente-en-tehuacan\/embed\/#?secret=ioZvr2eAcJ\" width=\"600\" height=\"338\" title=\"\u00abViol\u00f3 a su hija adolescente en Tehuac\u00e1n\u00bb \u2014 The Puebla Times\" data-secret=\"ioZvr2eAcJ\" frameborder=\"0\" marginwidth=\"0\" marginheight=\"0\" scrolling=\"no\" class=\"wp-embedded-content\"><\/iframe><script type=\"text\/javascript\">\n\/*! This file is auto-generated *\/\n!function(c,d){\"use strict\";var e=!1,o=!1;if(d.querySelector)if(c.addEventListener)e=!0;if(c.wp=c.wp||{},c.wp.receiveEmbedMessage);else if(c.wp.receiveEmbedMessage=function(e){var t=e.data;if(!t);else if(!(t.secret||t.message||t.value));else if(\/[^a-zA-Z0-9]\/.test(t.secret));else{for(var r,s,a,i=d.querySelectorAll('iframe[data-secret=\"'+t.secret+'\"]'),n=d.querySelectorAll('blockquote[data-secret=\"'+t.secret+'\"]'),o=new RegExp(\"^https?:$\",\"i\"),l=0;l<n.length;l++)n[l].style.display=\"none\";for(l=0;l<i.length;l++)if(r=i[l],e.source!==r.contentWindow);else{if(r.removeAttribute(\"style\"),\"height\"===t.message){if(1e3<(s=parseInt(t.value,10)))s=1e3;else if(~~s<200)s=200;r.height=s}if(\"link\"===t.message)if(s=d.createElement(\"a\"),a=d.createElement(\"a\"),s.href=r.getAttribute(\"src\"),a.href=t.value,!o.test(a.protocol));else if(a.host===s.host)if(d.activeElement===r)c.top.location.href=t.value}}},e)c.addEventListener(\"message\",c.wp.receiveEmbedMessage,!1),d.addEventListener(\"DOMContentLoaded\",t,!1),c.addEventListener(\"load\",t,!1);function t(){if(o);else{o=!0;for(var e,t,r,s=-1!==navigator.appVersion.indexOf(\"MSIE 10\"),a=!!navigator.userAgent.match(\/Trident.*rv:11\\.\/),i=d.querySelectorAll(\"iframe.wp-embedded-content\"),n=0;n<i.length;n++){if(!(r=(t=i[n]).getAttribute(\"data-secret\")))r=Math.random().toString(36).substr(2,10),t.src+=\"#?secret=\"+r,t.setAttribute(\"data-secret\",r);if(s||a)(e=t.cloneNode(!0)).removeAttribute(\"security\"),t.parentNode.replaceChild(e,t);t.contentWindow.postMessage({message:\"ready\",secret:r},\"*\")}}}}(window,document);\n<\/script>\n","thumbnail_url":"https:\/\/thepueblatimes.mx\/wp-content\/uploads\/2021\/03\/8B1EF8DA-3D39-4B28-BA9B-77CCCF2BB084.jpeg","thumbnail_width":1084,"thumbnail_height":610,"description":"Tehuac\u00e1n, Pue.- La Fiscal\u00eda General del Estado de Puebla obtuvo vinculaci\u00f3n a proceso contra Luis N. de 57 a\u00f1os de edad, por el delito de violaci\u00f3n equiparada agravada presuntamente cometido contra su hija menor de edad. El imputado fue aprehendido por elementos de la Agencia Estatal de Investigaci\u00f3n el 19 de marzo de 2021 en..."}